{"id":623,"date":"2019-01-31T15:16:33","date_gmt":"2019-01-31T15:16:33","guid":{"rendered":"https:\/\/www.conservatorialcoi.com\/\/relacio-de-llibres-ensenyances-professionals\/"},"modified":"2024-05-31T14:43:28","modified_gmt":"2024-05-31T14:43:28","slug":"relacio-de-llibres-ensenyances-professionals","status":"publish","type":"page","link":"https:\/\/www.conservatorialcoi.com\/ca\/informacio-academica\/ensenanza-profesional\/relacio-de-llibres-ensenyances-professionals\/","title":{"rendered":"Relaci\u00f3 de llibres ensenyances professionals"},"content":{"rendered":"<p>[et_pb_section bb_built=&#8221;1&#8243; admin_label=&#8221;section&#8221; _builder_version=&#8221;3.0.47&#8243;][et_pb_row admin_label=&#8221;row&#8221; _builder_version=&#8221;3.0.47&#8243; background_size=&#8221;initial&#8221; background_position=&#8221;top_left&#8221; background_repeat=&#8221;repeat&#8221;][et_pb_column type=&#8221;4_4&#8243;][et_pb_text admin_label=&#8221;Texto&#8221; _builder_version=&#8221;3.0.51&#8243; background_size=&#8221;initial&#8221; background_position=&#8221;top_left&#8221; background_repeat=&#8221;repeat&#8221; background_layout=&#8221;light&#8221; text_orientation=&#8221;left&#8221; border_style=&#8221;solid&#8221;]<\/p>\n<p style=\"text-align: center;\">1r CURS<\/p>\n<p lang=\"en-US\" align=\"justify\"><span style=\"font-family: Arial, sans-serif;\"><span style=\"font-size: medium;\">LLenguatge musical tot en un &#8211; 5\u00a0 \u00a0 \u00a0 \u00a0 \u00a0 \u00a0 \u00a0 \u00a0 \u00a0 \u00a0 \u00a0 \u00a0 \u00a0 \u00a0 \u00a0 \u00a0 \u00a0 \u00a0 \u00a0 \u00a0 \u00a0 \u00a0 \u00a0 \u00a0 \u00a0 \u00a0 \u00a0 \u00a0 \u00a0 \u00a0 \u00a0 \u00a0 \u00a0 \u00a0 \u00a0 \u00a0 \u00a0\u00a0 M\u00aa Agustina Perandones M\u00e1nuel<\/span><\/span><\/p>\n<p lang=\"en-US\" align=\"justify\"><span style=\"font-family: Arial, sans-serif;\"><span style=\"font-size: medium;\">\u00a0 \u00a0 \u00a0 \u00a0 \u00a0 \u00a0 \u00a0 \u00a0 \u00a0 \u00a0 \u00a0 \u00a0 \u00a0 \u00a0 \u00a0 \u00a0 \u00a0 \u00a0 \u00a0 \u00a0 \u00a0 \u00a0 \u00a0 \u00a0 \u00a0 \u00a0 \u00a0 \u00a0 \u00a0 \u00a0 \u00a0 \u00a0 \u00a0 \u00a0 \u00a0 \u00a0 \u00a0 \u00a0 \u00a0 \u00a0 \u00a0 \u00a0 \u00a0 \u00a0 \u00a0 \u00a0 \u00a0 \u00a0 \u00a0 \u00a0 \u00a0 \u00a0 \u00a0 \u00a0 \u00a0 \u00a0 \u00a0 \u00a0 \u00a0 \u00a0 \u00a0 \u00a0 \u00a0 \u00a0 Editorial: Ediciones Toys and Dreams\u00a0 <\/span><\/span><\/p>\n<p style=\"text-align: center;\">2n CURS<\/p>\n<p lang=\"en-US\" align=\"justify\"><span style=\"font-family: Arial, sans-serif;\"><span style=\"font-size: medium;\">LLenguatge musical tot en un &#8211; 6\u00a0 \u00a0 \u00a0 \u00a0 \u00a0 \u00a0 \u00a0 \u00a0 \u00a0 \u00a0 \u00a0 \u00a0 \u00a0 \u00a0 \u00a0 \u00a0 \u00a0 \u00a0 \u00a0 \u00a0 \u00a0 \u00a0 \u00a0 \u00a0 \u00a0 \u00a0 \u00a0 \u00a0 \u00a0 \u00a0 \u00a0 \u00a0\u00a0\u00a0\u00a0\u00a0\u00a0\u00a0\u00a0\u00a0\u00a0\u00a0\u00a0 M\u00aa Agustina Perandones M\u00e1nuel<\/span><\/span><\/p>\n<p lang=\"en-US\" align=\"justify\"><span style=\"font-family: Arial, sans-serif;\"><span style=\"font-size: medium;\">\u00a0 \u00a0 \u00a0 \u00a0 \u00a0 \u00a0 \u00a0 \u00a0 \u00a0 \u00a0 \u00a0 \u00a0 \u00a0 \u00a0 \u00a0 \u00a0 \u00a0 \u00a0 \u00a0 \u00a0 \u00a0 \u00a0 \u00a0 \u00a0 \u00a0 \u00a0 \u00a0 \u00a0 \u00a0 \u00a0 \u00a0 \u00a0 \u00a0 \u00a0 \u00a0 \u00a0 \u00a0 \u00a0 \u00a0 \u00a0 \u00a0 \u00a0 \u00a0 \u00a0 \u00a0 \u00a0 \u00a0 \u00a0 \u00a0 \u00a0 \u00a0 \u00a0 \u00a0 \u00a0 \u00a0 \u00a0 \u00a0 \u00a0 \u00a0 \u00a0 \u00a0 \u00a0 \u00a0 \u00a0 Editorial: Ediciones Toys and Dreams\u00a0 <\/span><\/span><\/p>\n<p>&nbsp;<\/p>\n<p>[\/et_pb_text][\/et_pb_column][\/et_pb_row][\/et_pb_section]<\/p>\n","protected":false},"excerpt":{"rendered":"<p>[et_pb_section bb_built=&#8221;1&#8243; admin_label=&#8221;section&#8221; _builder_version=&#8221;3.0.47&#8243;][et_pb_row admin_label=&#8221;row&#8221; _builder_version=&#8221;3.0.47&#8243; background_size=&#8221;initial&#8221; background_position=&#8221;top_left&#8221; background_repeat=&#8221;repeat&#8221;][et_pb_column type=&#8221;4_4&#8243;][et_pb_text admin_label=&#8221;Texto&#8221; _builder_version=&#8221;3.0.51&#8243; background_size=&#8221;initial&#8221; background_position=&#8221;top_left&#8221; background_repeat=&#8221;repeat&#8221; background_layout=&#8221;light&#8221; text_orientation=&#8221;left&#8221; border_style=&#8221;solid&#8221;] 1r CURS LLenguatge musical tot en un &#8211; 5\u00a0 \u00a0 \u00a0 \u00a0 \u00a0 \u00a0 \u00a0 \u00a0 \u00a0 \u00a0 \u00a0 \u00a0 \u00a0 \u00a0 \u00a0 \u00a0 \u00a0 \u00a0 \u00a0 \u00a0 \u00a0 \u00a0 \u00a0 \u00a0 \u00a0 \u00a0 \u00a0 \u00a0 \u00a0 [&hellip;]<\/p>\n","protected":false},"author":1,"featured_media":0,"parent":1195,"menu_order":7,"comment_status":"closed","ping_status":"closed","template":"","meta":{"footnotes":""},"class_list":["post-623","page","type-page","status-publish","hentry"],"yoast_head":"<!-- This site is optimized with the Yoast SEO plugin v27.3 - https:\/\/yoast.com\/product\/yoast-seo-wordpress\/ -->\n<title>Relaci\u00f3 de llibres ensenyances professionals - Conservatori Professional de M\u00fasica Juan Cant\u00f3 en Alcoi<\/title>\n<meta name=\"robots\" content=\"index, follow, max-snippet:-1, max-image-preview:large, max-video-preview:-1\" \/>\n<link rel=\"canonical\" href=\"https:\/\/www.conservatorialcoi.com\/ca\/informacio-academica\/ensenanza-profesional\/relacio-de-llibres-ensenyances-professionals\/\" \/>\n<meta property=\"og:locale\" content=\"ca_ES\" \/>\n<meta property=\"og:type\" content=\"article\" \/>\n<meta property=\"og:title\" content=\"Relaci\u00f3 de llibres ensenyances professionals - Conservatori Professional de M\u00fasica Juan Cant\u00f3 en Alcoi\" \/>\n<meta property=\"og:description\" content=\"[et_pb_section bb_built=&#8221;1&#8243; admin_label=&#8221;section&#8221; _builder_version=&#8221;3.0.47&#8243;][et_pb_row admin_label=&#8221;row&#8221; _builder_version=&#8221;3.0.47&#8243; background_size=&#8221;initial&#8221; background_position=&#8221;top_left&#8221; background_repeat=&#8221;repeat&#8221;][et_pb_column type=&#8221;4_4&#8243;][et_pb_text admin_label=&#8221;Texto&#8221; _builder_version=&#8221;3.0.51&#8243; background_size=&#8221;initial&#8221; background_position=&#8221;top_left&#8221; background_repeat=&#8221;repeat&#8221; background_layout=&#8221;light&#8221; text_orientation=&#8221;left&#8221; border_style=&#8221;solid&#8221;] 1r CURS LLenguatge musical tot en un &#8211; 5\u00a0 \u00a0 \u00a0 \u00a0 \u00a0 \u00a0 \u00a0 \u00a0 \u00a0 \u00a0 \u00a0 \u00a0 \u00a0 \u00a0 \u00a0 \u00a0 \u00a0 \u00a0 \u00a0 \u00a0 \u00a0 \u00a0 \u00a0 \u00a0 \u00a0 \u00a0 \u00a0 \u00a0 \u00a0 [&hellip;]\" \/>\n<meta property=\"og:url\" content=\"https:\/\/www.conservatorialcoi.com\/ca\/informacio-academica\/ensenanza-profesional\/relacio-de-llibres-ensenyances-professionals\/\" \/>\n<meta property=\"og:site_name\" content=\"Conservatori Professional de M\u00fasica Juan Cant\u00f3 en Alcoi\" \/>\n<meta property=\"article:modified_time\" content=\"2024-05-31T14:43:28+00:00\" \/>\n<meta name=\"twitter:card\" content=\"summary_large_image\" \/>\n<meta name=\"twitter:label1\" content=\"Temps estimat de lectura\" \/>\n\t<meta name=\"twitter:data1\" content=\"1 minut\" \/>\n<script type=\"application\/ld+json\" class=\"yoast-schema-graph\">{\"@context\":\"https:\\\/\\\/schema.org\",\"@graph\":[{\"@type\":\"WebPage\",\"@id\":\"https:\\\/\\\/www.conservatorialcoi.com\\\/ca\\\/informacio-academica\\\/ensenanza-profesional\\\/relacio-de-llibres-ensenyances-professionals\\\/\",\"url\":\"https:\\\/\\\/www.conservatorialcoi.com\\\/ca\\\/informacio-academica\\\/ensenanza-profesional\\\/relacio-de-llibres-ensenyances-professionals\\\/\",\"name\":\"Relaci\u00f3 de llibres ensenyances professionals - Conservatori Professional de M\u00fasica Juan Cant\u00f3 en Alcoi\",\"isPartOf\":{\"@id\":\"https:\\\/\\\/www.conservatorialcoi.com\\\/#website\"},\"datePublished\":\"2019-01-31T15:16:33+00:00\",\"dateModified\":\"2024-05-31T14:43:28+00:00\",\"breadcrumb\":{\"@id\":\"https:\\\/\\\/www.conservatorialcoi.com\\\/ca\\\/informacio-academica\\\/ensenanza-profesional\\\/relacio-de-llibres-ensenyances-professionals\\\/#breadcrumb\"},\"inLanguage\":\"ca\",\"potentialAction\":[{\"@type\":\"ReadAction\",\"target\":[\"https:\\\/\\\/www.conservatorialcoi.com\\\/ca\\\/informacio-academica\\\/ensenanza-profesional\\\/relacio-de-llibres-ensenyances-professionals\\\/\"]}]},{\"@type\":\"BreadcrumbList\",\"@id\":\"https:\\\/\\\/www.conservatorialcoi.com\\\/ca\\\/informacio-academica\\\/ensenanza-profesional\\\/relacio-de-llibres-ensenyances-professionals\\\/#breadcrumb\",\"itemListElement\":[{\"@type\":\"ListItem\",\"position\":1,\"name\":\"Portada\",\"item\":\"https:\\\/\\\/www.conservatorialcoi.com\\\/ca\\\/\"},{\"@type\":\"ListItem\",\"position\":2,\"name\":\"Informaci\u00f3 acad\u00e8mica\",\"item\":\"https:\\\/\\\/www.conservatorialcoi.com\\\/ca\\\/informacio-academica\\\/\"},{\"@type\":\"ListItem\",\"position\":3,\"name\":\"Ense\u00f1anza Profesional\",\"item\":\"https:\\\/\\\/www.conservatorialcoi.com\\\/ca\\\/informacio-academica\\\/ensenanza-profesional\\\/\"},{\"@type\":\"ListItem\",\"position\":4,\"name\":\"Relaci\u00f3 de llibres ensenyances professionals\"}]},{\"@type\":\"WebSite\",\"@id\":\"https:\\\/\\\/www.conservatorialcoi.com\\\/#website\",\"url\":\"https:\\\/\\\/www.conservatorialcoi.com\\\/\",\"name\":\"Conservatori Professional de M\u00fasica Juan Cant\u00f3 en Alcoi\",\"description\":\"\",\"potentialAction\":[{\"@type\":\"SearchAction\",\"target\":{\"@type\":\"EntryPoint\",\"urlTemplate\":\"https:\\\/\\\/www.conservatorialcoi.com\\\/?s={search_term_string}\"},\"query-input\":{\"@type\":\"PropertyValueSpecification\",\"valueRequired\":true,\"valueName\":\"search_term_string\"}}],\"inLanguage\":\"ca\"}]}<\/script>\n<!-- \/ Yoast SEO plugin. -->","yoast_head_json":{"title":"Relaci\u00f3 de llibres ensenyances professionals - Conservatori Professional de M\u00fasica Juan Cant\u00f3 en Alcoi","robots":{"index":"index","follow":"follow","max-snippet":"max-snippet:-1","max-image-preview":"max-image-preview:large","max-video-preview":"max-video-preview:-1"},"canonical":"https:\/\/www.conservatorialcoi.com\/ca\/informacio-academica\/ensenanza-profesional\/relacio-de-llibres-ensenyances-professionals\/","og_locale":"ca_ES","og_type":"article","og_title":"Relaci\u00f3 de llibres ensenyances professionals - Conservatori Professional de M\u00fasica Juan Cant\u00f3 en Alcoi","og_description":"[et_pb_section bb_built=&#8221;1&#8243; admin_label=&#8221;section&#8221; _builder_version=&#8221;3.0.47&#8243;][et_pb_row admin_label=&#8221;row&#8221; _builder_version=&#8221;3.0.47&#8243; background_size=&#8221;initial&#8221; background_position=&#8221;top_left&#8221; background_repeat=&#8221;repeat&#8221;][et_pb_column type=&#8221;4_4&#8243;][et_pb_text admin_label=&#8221;Texto&#8221; _builder_version=&#8221;3.0.51&#8243; background_size=&#8221;initial&#8221; background_position=&#8221;top_left&#8221; background_repeat=&#8221;repeat&#8221; background_layout=&#8221;light&#8221; text_orientation=&#8221;left&#8221; border_style=&#8221;solid&#8221;] 1r CURS LLenguatge musical tot en un &#8211; 5\u00a0 \u00a0 \u00a0 \u00a0 \u00a0 \u00a0 \u00a0 \u00a0 \u00a0 \u00a0 \u00a0 \u00a0 \u00a0 \u00a0 \u00a0 \u00a0 \u00a0 \u00a0 \u00a0 \u00a0 \u00a0 \u00a0 \u00a0 \u00a0 \u00a0 \u00a0 \u00a0 \u00a0 \u00a0 [&hellip;]","og_url":"https:\/\/www.conservatorialcoi.com\/ca\/informacio-academica\/ensenanza-profesional\/relacio-de-llibres-ensenyances-professionals\/","og_site_name":"Conservatori Professional de M\u00fasica Juan Cant\u00f3 en Alcoi","article_modified_time":"2024-05-31T14:43:28+00:00","twitter_card":"summary_large_image","twitter_misc":{"Temps estimat de lectura":"1 minut"},"schema":{"@context":"https:\/\/schema.org","@graph":[{"@type":"WebPage","@id":"https:\/\/www.conservatorialcoi.com\/ca\/informacio-academica\/ensenanza-profesional\/relacio-de-llibres-ensenyances-professionals\/","url":"https:\/\/www.conservatorialcoi.com\/ca\/informacio-academica\/ensenanza-profesional\/relacio-de-llibres-ensenyances-professionals\/","name":"Relaci\u00f3 de llibres ensenyances professionals - Conservatori Professional de M\u00fasica Juan Cant\u00f3 en Alcoi","isPartOf":{"@id":"https:\/\/www.conservatorialcoi.com\/#website"},"datePublished":"2019-01-31T15:16:33+00:00","dateModified":"2024-05-31T14:43:28+00:00","breadcrumb":{"@id":"https:\/\/www.conservatorialcoi.com\/ca\/informacio-academica\/ensenanza-profesional\/relacio-de-llibres-ensenyances-professionals\/#breadcrumb"},"inLanguage":"ca","potentialAction":[{"@type":"ReadAction","target":["https:\/\/www.conservatorialcoi.com\/ca\/informacio-academica\/ensenanza-profesional\/relacio-de-llibres-ensenyances-professionals\/"]}]},{"@type":"BreadcrumbList","@id":"https:\/\/www.conservatorialcoi.com\/ca\/informacio-academica\/ensenanza-profesional\/relacio-de-llibres-ensenyances-professionals\/#breadcrumb","itemListElement":[{"@type":"ListItem","position":1,"name":"Portada","item":"https:\/\/www.conservatorialcoi.com\/ca\/"},{"@type":"ListItem","position":2,"name":"Informaci\u00f3 acad\u00e8mica","item":"https:\/\/www.conservatorialcoi.com\/ca\/informacio-academica\/"},{"@type":"ListItem","position":3,"name":"Ense\u00f1anza Profesional","item":"https:\/\/www.conservatorialcoi.com\/ca\/informacio-academica\/ensenanza-profesional\/"},{"@type":"ListItem","position":4,"name":"Relaci\u00f3 de llibres ensenyances professionals"}]},{"@type":"WebSite","@id":"https:\/\/www.conservatorialcoi.com\/#website","url":"https:\/\/www.conservatorialcoi.com\/","name":"Conservatori Professional de M\u00fasica Juan Cant\u00f3 en Alcoi","description":"","potentialAction":[{"@type":"SearchAction","target":{"@type":"EntryPoint","urlTemplate":"https:\/\/www.conservatorialcoi.com\/?s={search_term_string}"},"query-input":{"@type":"PropertyValueSpecification","valueRequired":true,"valueName":"search_term_string"}}],"inLanguage":"ca"}]}},"_links":{"self":[{"href":"https:\/\/www.conservatorialcoi.com\/ca\/wp-json\/wp\/v2\/pages\/623","targetHints":{"allow":["GET"]}}],"collection":[{"href":"https:\/\/www.conservatorialcoi.com\/ca\/wp-json\/wp\/v2\/pages"}],"about":[{"href":"https:\/\/www.conservatorialcoi.com\/ca\/wp-json\/wp\/v2\/types\/page"}],"author":[{"embeddable":true,"href":"https:\/\/www.conservatorialcoi.com\/ca\/wp-json\/wp\/v2\/users\/1"}],"replies":[{"embeddable":true,"href":"https:\/\/www.conservatorialcoi.com\/ca\/wp-json\/wp\/v2\/comments?post=623"}],"version-history":[{"count":13,"href":"https:\/\/www.conservatorialcoi.com\/ca\/wp-json\/wp\/v2\/pages\/623\/revisions"}],"predecessor-version":[{"id":8773,"href":"https:\/\/www.conservatorialcoi.com\/ca\/wp-json\/wp\/v2\/pages\/623\/revisions\/8773"}],"up":[{"embeddable":true,"href":"https:\/\/www.conservatorialcoi.com\/ca\/wp-json\/wp\/v2\/pages\/1195"}],"wp:attachment":[{"href":"https:\/\/www.conservatorialcoi.com\/ca\/wp-json\/wp\/v2\/media?parent=623"}],"curies":[{"name":"wp","href":"https:\/\/api.w.org\/{rel}","templated":true}]}}