{"id":574,"date":"2019-01-30T15:00:48","date_gmt":"2019-01-30T15:00:48","guid":{"rendered":"https:\/\/www.conservatorialcoi.com\/\/instal%c2%b7lacions\/"},"modified":"2020-06-24T15:35:21","modified_gmt":"2020-06-24T15:35:21","slug":"instal%c2%b7lacions","status":"publish","type":"page","link":"https:\/\/www.conservatorialcoi.com\/ca\/conservatorio\/instal%c2%b7lacions\/","title":{"rendered":"Instal\u00b7lacions"},"content":{"rendered":"<h2>Instal\u00b7lacions<\/h2>\n<p><strong>Planta baixa<\/strong><br \/>\nEn ella se situa la zona de secret\u00e0ria tant per al conservatori de m\u00fasica com de dansa, aquesta zona inclou un despatx privat per als dos secretaris i una zona m\u00e9s \u00e0mplia d&#8217;administraci\u00f3 i serveis.<\/p>\n<p>Despr\u00e9s tenim una zona de serveis utilitzada pel conservatori de dansa, a continuaci\u00f3 una\u00a0Aula Polivalent, compartida amb dansa, on es fa classe de m\u00fasica de cambra, i orquestra, per la qual cosa \u00e9s un espai de grans dimensions. Al costat d&#8217;aquesta el conservatori de\u00a0dansa disposa d&#8217;una altra aula de similars caracter\u00edstiques.<\/p>\n<p><strong>Planta 1<\/strong><br \/>\nTrobem el despatx del cap d&#8217;estudis, un total de nou aules docents, el despatx de la directora del conservatori de dansa, dues sales de professors (dansa i m\u00fasica), una zona de biblioteca (compartida) i una zona de serveis. Aquesta planta t\u00e9 acc\u00e9s al jard\u00ed del centre, en la part exterior.<\/p>\n<p><strong>Planta 2<\/strong><br \/>\nTrobem el despatx del director, un sal\u00f3 d&#8217;actes, i un total de cinc aules docents de majors dimensions destinades en la seua major part a assignatures grupals de formaci\u00f3 general.<br \/>\nTamb\u00e9 tenim una zona de serveis.<\/p>\n<p><strong>Planta 3<\/strong><br \/>\nAquesta planta aquesta ocupada \u00edntegrament pel conservatori de dansa amb una zona de\u00a0serveis i canviadors i dues aules grans destinades a la doc\u00e8ncia.<\/p>\n<p>Per ultim destacar que el conservatori posseeix una xicoteta zona d&#8217;aparcament que finalitza a la sala de calderes.<\/p>\n","protected":false},"excerpt":{"rendered":"<p>Instal\u00b7lacions Planta baixa En ella se situa la zona de secret\u00e0ria tant per al conservatori de m\u00fasica com de dansa, aquesta zona inclou un despatx privat per als dos secretaris i una zona m\u00e9s \u00e0mplia d&#8217;administraci\u00f3 i serveis. Despr\u00e9s tenim una zona de serveis utilitzada pel conservatori de dansa, a continuaci\u00f3 una\u00a0Aula Polivalent, compartida amb [&hellip;]<\/p>\n","protected":false},"author":1,"featured_media":0,"parent":1192,"menu_order":3,"comment_status":"closed","ping_status":"closed","template":"","meta":{"footnotes":""},"class_list":["post-574","page","type-page","status-publish","hentry"],"yoast_head":"<!-- This site is optimized with the Yoast SEO plugin v27.3 - https:\/\/yoast.com\/product\/yoast-seo-wordpress\/ -->\n<title>Instal\u00b7lacions - Conservatori Professional de M\u00fasica Juan Cant\u00f3 en Alcoi<\/title>\n<meta name=\"robots\" content=\"index, follow, max-snippet:-1, max-image-preview:large, max-video-preview:-1\" \/>\n<link rel=\"canonical\" href=\"https:\/\/www.conservatorialcoi.com\/ca\/conservatorio\/instal\u00b7lacions\/\" \/>\n<meta property=\"og:locale\" content=\"ca_ES\" \/>\n<meta property=\"og:type\" content=\"article\" \/>\n<meta property=\"og:title\" content=\"Instal\u00b7lacions - Conservatori Professional de M\u00fasica Juan Cant\u00f3 en Alcoi\" \/>\n<meta property=\"og:description\" content=\"Instal\u00b7lacions Planta baixa En ella se situa la zona de secret\u00e0ria tant per al conservatori de m\u00fasica com de dansa, aquesta zona inclou un despatx privat per als dos secretaris i una zona m\u00e9s \u00e0mplia d&#8217;administraci\u00f3 i serveis. Despr\u00e9s tenim una zona de serveis utilitzada pel conservatori de dansa, a continuaci\u00f3 una\u00a0Aula Polivalent, compartida amb [&hellip;]\" \/>\n<meta property=\"og:url\" content=\"https:\/\/www.conservatorialcoi.com\/ca\/conservatorio\/instal\u00b7lacions\/\" \/>\n<meta property=\"og:site_name\" content=\"Conservatori Professional de M\u00fasica Juan Cant\u00f3 en Alcoi\" \/>\n<meta property=\"article:modified_time\" content=\"2020-06-24T15:35:21+00:00\" \/>\n<meta name=\"twitter:card\" content=\"summary_large_image\" \/>\n<meta name=\"twitter:label1\" content=\"Temps estimat de lectura\" \/>\n\t<meta name=\"twitter:data1\" content=\"1 minut\" \/>\n<script type=\"application\/ld+json\" class=\"yoast-schema-graph\">{\"@context\":\"https:\\\/\\\/schema.org\",\"@graph\":[{\"@type\":\"WebPage\",\"@id\":\"https:\\\/\\\/www.conservatorialcoi.com\\\/ca\\\/conservatorio\\\/instal%c2%b7lacions\\\/\",\"url\":\"https:\\\/\\\/www.conservatorialcoi.com\\\/ca\\\/conservatorio\\\/instal%c2%b7lacions\\\/\",\"name\":\"Instal\u00b7lacions - Conservatori Professional de M\u00fasica Juan Cant\u00f3 en Alcoi\",\"isPartOf\":{\"@id\":\"https:\\\/\\\/www.conservatorialcoi.com\\\/#website\"},\"datePublished\":\"2019-01-30T15:00:48+00:00\",\"dateModified\":\"2020-06-24T15:35:21+00:00\",\"breadcrumb\":{\"@id\":\"https:\\\/\\\/www.conservatorialcoi.com\\\/ca\\\/conservatorio\\\/instal%c2%b7lacions\\\/#breadcrumb\"},\"inLanguage\":\"ca\",\"potentialAction\":[{\"@type\":\"ReadAction\",\"target\":[\"https:\\\/\\\/www.conservatorialcoi.com\\\/ca\\\/conservatorio\\\/instal%c2%b7lacions\\\/\"]}]},{\"@type\":\"BreadcrumbList\",\"@id\":\"https:\\\/\\\/www.conservatorialcoi.com\\\/ca\\\/conservatorio\\\/instal%c2%b7lacions\\\/#breadcrumb\",\"itemListElement\":[{\"@type\":\"ListItem\",\"position\":1,\"name\":\"Portada\",\"item\":\"https:\\\/\\\/www.conservatorialcoi.com\\\/ca\\\/\"},{\"@type\":\"ListItem\",\"position\":2,\"name\":\"Conservatori\",\"item\":\"https:\\\/\\\/www.conservatorialcoi.com\\\/ca\\\/conservatorio\\\/\"},{\"@type\":\"ListItem\",\"position\":3,\"name\":\"Instal\u00b7lacions\"}]},{\"@type\":\"WebSite\",\"@id\":\"https:\\\/\\\/www.conservatorialcoi.com\\\/#website\",\"url\":\"https:\\\/\\\/www.conservatorialcoi.com\\\/\",\"name\":\"Conservatori Professional de M\u00fasica Juan Cant\u00f3 en Alcoi\",\"description\":\"\",\"potentialAction\":[{\"@type\":\"SearchAction\",\"target\":{\"@type\":\"EntryPoint\",\"urlTemplate\":\"https:\\\/\\\/www.conservatorialcoi.com\\\/?s={search_term_string}\"},\"query-input\":{\"@type\":\"PropertyValueSpecification\",\"valueRequired\":true,\"valueName\":\"search_term_string\"}}],\"inLanguage\":\"ca\"}]}<\/script>\n<!-- \/ Yoast SEO plugin. -->","yoast_head_json":{"title":"Instal\u00b7lacions - Conservatori Professional de M\u00fasica Juan Cant\u00f3 en Alcoi","robots":{"index":"index","follow":"follow","max-snippet":"max-snippet:-1","max-image-preview":"max-image-preview:large","max-video-preview":"max-video-preview:-1"},"canonical":"https:\/\/www.conservatorialcoi.com\/ca\/conservatorio\/instal\u00b7lacions\/","og_locale":"ca_ES","og_type":"article","og_title":"Instal\u00b7lacions - Conservatori Professional de M\u00fasica Juan Cant\u00f3 en Alcoi","og_description":"Instal\u00b7lacions Planta baixa En ella se situa la zona de secret\u00e0ria tant per al conservatori de m\u00fasica com de dansa, aquesta zona inclou un despatx privat per als dos secretaris i una zona m\u00e9s \u00e0mplia d&#8217;administraci\u00f3 i serveis. Despr\u00e9s tenim una zona de serveis utilitzada pel conservatori de dansa, a continuaci\u00f3 una\u00a0Aula Polivalent, compartida amb [&hellip;]","og_url":"https:\/\/www.conservatorialcoi.com\/ca\/conservatorio\/instal\u00b7lacions\/","og_site_name":"Conservatori Professional de M\u00fasica Juan Cant\u00f3 en Alcoi","article_modified_time":"2020-06-24T15:35:21+00:00","twitter_card":"summary_large_image","twitter_misc":{"Temps estimat de lectura":"1 minut"},"schema":{"@context":"https:\/\/schema.org","@graph":[{"@type":"WebPage","@id":"https:\/\/www.conservatorialcoi.com\/ca\/conservatorio\/instal%c2%b7lacions\/","url":"https:\/\/www.conservatorialcoi.com\/ca\/conservatorio\/instal%c2%b7lacions\/","name":"Instal\u00b7lacions - Conservatori Professional de M\u00fasica Juan Cant\u00f3 en Alcoi","isPartOf":{"@id":"https:\/\/www.conservatorialcoi.com\/#website"},"datePublished":"2019-01-30T15:00:48+00:00","dateModified":"2020-06-24T15:35:21+00:00","breadcrumb":{"@id":"https:\/\/www.conservatorialcoi.com\/ca\/conservatorio\/instal%c2%b7lacions\/#breadcrumb"},"inLanguage":"ca","potentialAction":[{"@type":"ReadAction","target":["https:\/\/www.conservatorialcoi.com\/ca\/conservatorio\/instal%c2%b7lacions\/"]}]},{"@type":"BreadcrumbList","@id":"https:\/\/www.conservatorialcoi.com\/ca\/conservatorio\/instal%c2%b7lacions\/#breadcrumb","itemListElement":[{"@type":"ListItem","position":1,"name":"Portada","item":"https:\/\/www.conservatorialcoi.com\/ca\/"},{"@type":"ListItem","position":2,"name":"Conservatori","item":"https:\/\/www.conservatorialcoi.com\/ca\/conservatorio\/"},{"@type":"ListItem","position":3,"name":"Instal\u00b7lacions"}]},{"@type":"WebSite","@id":"https:\/\/www.conservatorialcoi.com\/#website","url":"https:\/\/www.conservatorialcoi.com\/","name":"Conservatori Professional de M\u00fasica Juan Cant\u00f3 en Alcoi","description":"","potentialAction":[{"@type":"SearchAction","target":{"@type":"EntryPoint","urlTemplate":"https:\/\/www.conservatorialcoi.com\/?s={search_term_string}"},"query-input":{"@type":"PropertyValueSpecification","valueRequired":true,"valueName":"search_term_string"}}],"inLanguage":"ca"}]}},"_links":{"self":[{"href":"https:\/\/www.conservatorialcoi.com\/ca\/wp-json\/wp\/v2\/pages\/574","targetHints":{"allow":["GET"]}}],"collection":[{"href":"https:\/\/www.conservatorialcoi.com\/ca\/wp-json\/wp\/v2\/pages"}],"about":[{"href":"https:\/\/www.conservatorialcoi.com\/ca\/wp-json\/wp\/v2\/types\/page"}],"author":[{"embeddable":true,"href":"https:\/\/www.conservatorialcoi.com\/ca\/wp-json\/wp\/v2\/users\/1"}],"replies":[{"embeddable":true,"href":"https:\/\/www.conservatorialcoi.com\/ca\/wp-json\/wp\/v2\/comments?post=574"}],"version-history":[{"count":2,"href":"https:\/\/www.conservatorialcoi.com\/ca\/wp-json\/wp\/v2\/pages\/574\/revisions"}],"predecessor-version":[{"id":4892,"href":"https:\/\/www.conservatorialcoi.com\/ca\/wp-json\/wp\/v2\/pages\/574\/revisions\/4892"}],"up":[{"embeddable":true,"href":"https:\/\/www.conservatorialcoi.com\/ca\/wp-json\/wp\/v2\/pages\/1192"}],"wp:attachment":[{"href":"https:\/\/www.conservatorialcoi.com\/ca\/wp-json\/wp\/v2\/media?parent=574"}],"curies":[{"name":"wp","href":"https:\/\/api.w.org\/{rel}","templated":true}]}}