{"id":1401,"date":"2019-03-01T07:29:22","date_gmt":"2019-03-01T07:29:22","guid":{"rendered":"https:\/\/www.conservatorialcoi.com\/\/acompanyament\/"},"modified":"2019-04-23T15:54:33","modified_gmt":"2019-04-23T15:54:33","slug":"acompanyament","status":"publish","type":"page","link":"https:\/\/www.conservatorialcoi.com\/ca\/informacio-academica\/ensenanza-profesional\/continguts-terminals-per-assignatures\/acompanyament\/","title":{"rendered":"Acompanyament"},"content":{"rendered":"<table style=\"width: 100%;\" border=\"1\" cellpadding=\"8\">\n<tbody>\n<tr>\n<td style=\"text-align: center;\"><strong>DEPARTAMENT<\/strong><\/td>\n<td style=\"text-align: center;\"><strong>ESPECIALITAT<\/strong><\/td>\n<td style=\"text-align: center;\"><strong>CURS<\/strong><\/td>\n<\/tr>\n<tr>\n<td style=\"text-align: center;\">Tecla<\/td>\n<td style=\"text-align: center;\">Acompanyament<\/td>\n<td style=\"text-align: center;\">Acc\u00e9s 6\u00b0 E.P.<\/td>\n<\/tr>\n<\/tbody>\n<\/table>\n<p><strong><u>PROVA A: <\/u><\/strong><u>Transport d&#8217;un fragment musical, proposat pel tribunal, d&#8217;acord als seg\u00fcents continguts. (La dist\u00e0ncia interv\u00e0l\u00b7lica triada pel tribunal no donar\u00e0 com a resultat, una tonalitat amb m\u00e9s de 5 alteracions en l&#8217;armadura).<\/u><\/p>\n<p>&nbsp;<\/p>\n<h2>CONTINGUTS<\/h2>\n<ul>\n<li>Compassos: 2\/4, 3\/4, 4\/4, 2\/2, 3\/8, 6\/8 i 9\/8.<\/li>\n<li>Armadura: Fins a quatre alteracions, amb alteracions accidentales.<\/li>\n<li>N\u00fam. de compassos: 24-32.<\/li>\n<li>Ag\u00f3gica: Adagio, Andante, Allegretto, Allegro, final de frase, respiracions, calder\u00f3n, rubato.<\/li>\n<li>Din\u00e0mica: piano, forte, mezzo forte, mezzo piano, fort\u00edssim, pian\u00edssimo, fp, crescendo i diminuendo.<\/li>\n<li>Articulaci\u00f3: Legato, picat, picat-lligat i staccato.<\/li>\n<li>Figures: redona, blanca amb puntillo, blanca, negra, corxera, negra amb puntillo, corxera amb puntillo, semicorxera, semicorxera amb puntillo, aix\u00ed com les f\u00f3rmules r\u00edtmiques pr\u00f2pies dels compassos de subdivisi\u00f3 tern\u00e0ria i els seus corresponents silencis.<\/li>\n<li>Pedal: pedal de resson\u00e0ncia, pedal a tempo Grups de valoraci\u00f3 irregular: tresillos de corxera i de semicorxera, seisillos, dosillos i cinquillos.<\/li>\n<\/ul>\n<h2>CRITERIS D&#8217;AVALUACI\u00d3<\/h2>\n<ul>\n<li>Demostrar una independ\u00e8ncia gestual entre les dues mans aix\u00ed com un control de la psicomotricitat.<\/li>\n<li>Demostrar un control en la independ\u00e8ncia r\u00edtmica de les dues mans.<\/li>\n<li>Elecci\u00f3 d&#8217;una digitaci\u00f3 correcta en funci\u00f3 de les necessitats del fragment.<\/li>\n<li>Mantenir l&#8217;equilibri r\u00edtmic a trav\u00e9s de l&#8217;expressi\u00f3 d&#8217;una pulsaci\u00f3 constant al llarg del fragment.<\/li>\n<li>Demostrar la comprensi\u00f3 musical a trav\u00e9s de l&#8217;aplicaci\u00f3 d&#8217;una t\u00e8cnica adequada que permeti ajustar la din\u00e0mica i so a les necessitats del fragment.<\/li>\n<li>Demostrar l&#8217;autonomia necess\u00e0ria per a abordar la interpretaci\u00f3 dins dels marges de flexibilitat que permeti el text musical.<\/li>\n<li>Utilitzaci\u00f3 del pedal de resson\u00e0ncia ateses les necessitats espec\u00edfiques del fragment.<\/li>\n<li>Demostrar solv\u00e8ncia i autonomia en la lectura a primera vista.<\/li>\n<li>Demostrar un coneixement harm\u00f2nic del teclat que permeti una adaptaci\u00f3 r\u00e0pida a la nova tonalitat.<\/li>\n<li>Demostrar en l&#8217;execuci\u00f3, la capacitat del treball mental que permet assimilar idees musicals amb sentit complet i que mostren que l&#8217;alumne sap pensar la m\u00fasica escrita.<\/li>\n<\/ul>\n<p><strong><u>PROVA B: Realitzaci\u00f3 d&#8217;un acompanyament d&#8217;una melodia xifrada proposada pel tribunal.<\/u><\/strong><\/p>\n<h2>CONTINGUTS<\/h2>\n<ul>\n<li>Improvisaci\u00f3 d&#8217;un acompanyament a una melodia xifrada de, entre 16 i 20 compassos, proposta pel tribunal. (Concordes de triada en estat fonamental i amb les seves inversions; 6\/4 cadencial, setena de dominant, dominants secund\u00e0ries, s\u00e8rie de setenes, s\u00e8rie de 5es, concordes de jazz\u2026)<\/li>\n<\/ul>\n<h2>CRITERIS D&#8217;AVALUACI\u00d3<\/h2>\n<ul>\n<li>Demostrar el desenvolupament de l&#8217;o\u00efda harm\u00f2nica que permeti adaptar l&#8217;acompanyament m\u00e9s adequat a la melodia escrita.<\/li>\n<li>Con\u00e8ixer i saber aplicar els concordes assenyalats en els continguts del present apartat, segons les necessitats del fragment.<\/li>\n<li>Demostrar la comprensi\u00f3 harm\u00f2nic-formal d&#8217;estructures musicals a trav\u00e9s de la creaci\u00f3 d&#8217;una d&#8217;elles, seguint les pautes indicades.<\/li>\n<li>Demostrar l&#8217;adquisici\u00f3 d&#8217;un llenguatge musical propi, com a resultat d&#8217;un pensament musical coherent.<\/li>\n<li>Demostrar el coneixement de l&#8217;harmonia i de la seva aplicaci\u00f3 en el discurs musical a trav\u00e9s de l&#8217;aplicaci\u00f3 de baixos xifrats.<\/li>\n<\/ul>\n<p>&nbsp;<\/p>\n","protected":false},"excerpt":{"rendered":"<p>DEPARTAMENT ESPECIALITAT CURS Tecla Acompanyament Acc\u00e9s 6\u00b0 E.P. PROVA A: Transport d&#8217;un fragment musical, proposat pel tribunal, d&#8217;acord als seg\u00fcents continguts. (La dist\u00e0ncia interv\u00e0l\u00b7lica triada pel tribunal no donar\u00e0 com a resultat, una tonalitat amb m\u00e9s de 5 alteracions en l&#8217;armadura). &nbsp; CONTINGUTS Compassos: 2\/4, 3\/4, 4\/4, 2\/2, 3\/8, 6\/8 i 9\/8. Armadura: Fins a [&hellip;]<\/p>\n","protected":false},"author":1,"featured_media":0,"parent":1473,"menu_order":0,"comment_status":"closed","ping_status":"closed","template":"","meta":{"footnotes":""},"class_list":["post-1401","page","type-page","status-publish","hentry"],"yoast_head":"<!-- This site is optimized with the Yoast SEO plugin v27.3 - https:\/\/yoast.com\/product\/yoast-seo-wordpress\/ -->\n<title>Acompanyament - Conservatori Professional de M\u00fasica Juan Cant\u00f3 en Alcoi<\/title>\n<meta name=\"robots\" content=\"index, follow, max-snippet:-1, max-image-preview:large, max-video-preview:-1\" \/>\n<link rel=\"canonical\" href=\"https:\/\/www.conservatorialcoi.com\/ca\/informacio-academica\/ensenanza-profesional\/continguts-terminals-per-assignatures\/acompanyament\/\" \/>\n<meta property=\"og:locale\" content=\"ca_ES\" \/>\n<meta property=\"og:type\" content=\"article\" \/>\n<meta property=\"og:title\" content=\"Acompanyament - Conservatori Professional de M\u00fasica Juan Cant\u00f3 en Alcoi\" \/>\n<meta property=\"og:description\" content=\"DEPARTAMENT ESPECIALITAT CURS Tecla Acompanyament Acc\u00e9s 6\u00b0 E.P. PROVA A: Transport d&#8217;un fragment musical, proposat pel tribunal, d&#8217;acord als seg\u00fcents continguts. (La dist\u00e0ncia interv\u00e0l\u00b7lica triada pel tribunal no donar\u00e0 com a resultat, una tonalitat amb m\u00e9s de 5 alteracions en l&#8217;armadura). &nbsp; CONTINGUTS Compassos: 2\/4, 3\/4, 4\/4, 2\/2, 3\/8, 6\/8 i 9\/8. Armadura: Fins a [&hellip;]\" \/>\n<meta property=\"og:url\" content=\"https:\/\/www.conservatorialcoi.com\/ca\/informacio-academica\/ensenanza-profesional\/continguts-terminals-per-assignatures\/acompanyament\/\" \/>\n<meta property=\"og:site_name\" content=\"Conservatori Professional de M\u00fasica Juan Cant\u00f3 en Alcoi\" \/>\n<meta property=\"article:modified_time\" content=\"2019-04-23T15:54:33+00:00\" \/>\n<meta name=\"twitter:card\" content=\"summary_large_image\" \/>\n<meta name=\"twitter:label1\" content=\"Temps estimat de lectura\" \/>\n\t<meta name=\"twitter:data1\" content=\"2 minuts\" \/>\n<script type=\"application\/ld+json\" class=\"yoast-schema-graph\">{\"@context\":\"https:\\\/\\\/schema.org\",\"@graph\":[{\"@type\":\"WebPage\",\"@id\":\"https:\\\/\\\/www.conservatorialcoi.com\\\/ca\\\/informacio-academica\\\/ensenanza-profesional\\\/continguts-terminals-per-assignatures\\\/acompanyament\\\/\",\"url\":\"https:\\\/\\\/www.conservatorialcoi.com\\\/ca\\\/informacio-academica\\\/ensenanza-profesional\\\/continguts-terminals-per-assignatures\\\/acompanyament\\\/\",\"name\":\"Acompanyament - Conservatori Professional de M\u00fasica Juan Cant\u00f3 en Alcoi\",\"isPartOf\":{\"@id\":\"https:\\\/\\\/www.conservatorialcoi.com\\\/#website\"},\"datePublished\":\"2019-03-01T07:29:22+00:00\",\"dateModified\":\"2019-04-23T15:54:33+00:00\",\"breadcrumb\":{\"@id\":\"https:\\\/\\\/www.conservatorialcoi.com\\\/ca\\\/informacio-academica\\\/ensenanza-profesional\\\/continguts-terminals-per-assignatures\\\/acompanyament\\\/#breadcrumb\"},\"inLanguage\":\"ca\",\"potentialAction\":[{\"@type\":\"ReadAction\",\"target\":[\"https:\\\/\\\/www.conservatorialcoi.com\\\/ca\\\/informacio-academica\\\/ensenanza-profesional\\\/continguts-terminals-per-assignatures\\\/acompanyament\\\/\"]}]},{\"@type\":\"BreadcrumbList\",\"@id\":\"https:\\\/\\\/www.conservatorialcoi.com\\\/ca\\\/informacio-academica\\\/ensenanza-profesional\\\/continguts-terminals-per-assignatures\\\/acompanyament\\\/#breadcrumb\",\"itemListElement\":[{\"@type\":\"ListItem\",\"position\":1,\"name\":\"Portada\",\"item\":\"https:\\\/\\\/www.conservatorialcoi.com\\\/ca\\\/\"},{\"@type\":\"ListItem\",\"position\":2,\"name\":\"Informaci\u00f3 acad\u00e8mica\",\"item\":\"https:\\\/\\\/www.conservatorialcoi.com\\\/ca\\\/informacio-academica\\\/\"},{\"@type\":\"ListItem\",\"position\":3,\"name\":\"Ense\u00f1anza Profesional\",\"item\":\"https:\\\/\\\/www.conservatorialcoi.com\\\/ca\\\/informacio-academica\\\/ensenanza-profesional\\\/\"},{\"@type\":\"ListItem\",\"position\":4,\"name\":\"Continguts terminals per assignatures\",\"item\":\"https:\\\/\\\/www.conservatorialcoi.com\\\/ca\\\/informacio-academica\\\/ensenanza-profesional\\\/continguts-terminals-per-assignatures\\\/\"},{\"@type\":\"ListItem\",\"position\":5,\"name\":\"Acompanyament\"}]},{\"@type\":\"WebSite\",\"@id\":\"https:\\\/\\\/www.conservatorialcoi.com\\\/#website\",\"url\":\"https:\\\/\\\/www.conservatorialcoi.com\\\/\",\"name\":\"Conservatori Professional de M\u00fasica Juan Cant\u00f3 en Alcoi\",\"description\":\"\",\"potentialAction\":[{\"@type\":\"SearchAction\",\"target\":{\"@type\":\"EntryPoint\",\"urlTemplate\":\"https:\\\/\\\/www.conservatorialcoi.com\\\/?s={search_term_string}\"},\"query-input\":{\"@type\":\"PropertyValueSpecification\",\"valueRequired\":true,\"valueName\":\"search_term_string\"}}],\"inLanguage\":\"ca\"}]}<\/script>\n<!-- \/ Yoast SEO plugin. -->","yoast_head_json":{"title":"Acompanyament - Conservatori Professional de M\u00fasica Juan Cant\u00f3 en Alcoi","robots":{"index":"index","follow":"follow","max-snippet":"max-snippet:-1","max-image-preview":"max-image-preview:large","max-video-preview":"max-video-preview:-1"},"canonical":"https:\/\/www.conservatorialcoi.com\/ca\/informacio-academica\/ensenanza-profesional\/continguts-terminals-per-assignatures\/acompanyament\/","og_locale":"ca_ES","og_type":"article","og_title":"Acompanyament - Conservatori Professional de M\u00fasica Juan Cant\u00f3 en Alcoi","og_description":"DEPARTAMENT ESPECIALITAT CURS Tecla Acompanyament Acc\u00e9s 6\u00b0 E.P. PROVA A: Transport d&#8217;un fragment musical, proposat pel tribunal, d&#8217;acord als seg\u00fcents continguts. (La dist\u00e0ncia interv\u00e0l\u00b7lica triada pel tribunal no donar\u00e0 com a resultat, una tonalitat amb m\u00e9s de 5 alteracions en l&#8217;armadura). &nbsp; CONTINGUTS Compassos: 2\/4, 3\/4, 4\/4, 2\/2, 3\/8, 6\/8 i 9\/8. Armadura: Fins a [&hellip;]","og_url":"https:\/\/www.conservatorialcoi.com\/ca\/informacio-academica\/ensenanza-profesional\/continguts-terminals-per-assignatures\/acompanyament\/","og_site_name":"Conservatori Professional de M\u00fasica Juan Cant\u00f3 en Alcoi","article_modified_time":"2019-04-23T15:54:33+00:00","twitter_card":"summary_large_image","twitter_misc":{"Temps estimat de lectura":"2 minuts"},"schema":{"@context":"https:\/\/schema.org","@graph":[{"@type":"WebPage","@id":"https:\/\/www.conservatorialcoi.com\/ca\/informacio-academica\/ensenanza-profesional\/continguts-terminals-per-assignatures\/acompanyament\/","url":"https:\/\/www.conservatorialcoi.com\/ca\/informacio-academica\/ensenanza-profesional\/continguts-terminals-per-assignatures\/acompanyament\/","name":"Acompanyament - Conservatori Professional de M\u00fasica Juan Cant\u00f3 en Alcoi","isPartOf":{"@id":"https:\/\/www.conservatorialcoi.com\/#website"},"datePublished":"2019-03-01T07:29:22+00:00","dateModified":"2019-04-23T15:54:33+00:00","breadcrumb":{"@id":"https:\/\/www.conservatorialcoi.com\/ca\/informacio-academica\/ensenanza-profesional\/continguts-terminals-per-assignatures\/acompanyament\/#breadcrumb"},"inLanguage":"ca","potentialAction":[{"@type":"ReadAction","target":["https:\/\/www.conservatorialcoi.com\/ca\/informacio-academica\/ensenanza-profesional\/continguts-terminals-per-assignatures\/acompanyament\/"]}]},{"@type":"BreadcrumbList","@id":"https:\/\/www.conservatorialcoi.com\/ca\/informacio-academica\/ensenanza-profesional\/continguts-terminals-per-assignatures\/acompanyament\/#breadcrumb","itemListElement":[{"@type":"ListItem","position":1,"name":"Portada","item":"https:\/\/www.conservatorialcoi.com\/ca\/"},{"@type":"ListItem","position":2,"name":"Informaci\u00f3 acad\u00e8mica","item":"https:\/\/www.conservatorialcoi.com\/ca\/informacio-academica\/"},{"@type":"ListItem","position":3,"name":"Ense\u00f1anza Profesional","item":"https:\/\/www.conservatorialcoi.com\/ca\/informacio-academica\/ensenanza-profesional\/"},{"@type":"ListItem","position":4,"name":"Continguts terminals per assignatures","item":"https:\/\/www.conservatorialcoi.com\/ca\/informacio-academica\/ensenanza-profesional\/continguts-terminals-per-assignatures\/"},{"@type":"ListItem","position":5,"name":"Acompanyament"}]},{"@type":"WebSite","@id":"https:\/\/www.conservatorialcoi.com\/#website","url":"https:\/\/www.conservatorialcoi.com\/","name":"Conservatori Professional de M\u00fasica Juan Cant\u00f3 en Alcoi","description":"","potentialAction":[{"@type":"SearchAction","target":{"@type":"EntryPoint","urlTemplate":"https:\/\/www.conservatorialcoi.com\/?s={search_term_string}"},"query-input":{"@type":"PropertyValueSpecification","valueRequired":true,"valueName":"search_term_string"}}],"inLanguage":"ca"}]}},"_links":{"self":[{"href":"https:\/\/www.conservatorialcoi.com\/ca\/wp-json\/wp\/v2\/pages\/1401","targetHints":{"allow":["GET"]}}],"collection":[{"href":"https:\/\/www.conservatorialcoi.com\/ca\/wp-json\/wp\/v2\/pages"}],"about":[{"href":"https:\/\/www.conservatorialcoi.com\/ca\/wp-json\/wp\/v2\/types\/page"}],"author":[{"embeddable":true,"href":"https:\/\/www.conservatorialcoi.com\/ca\/wp-json\/wp\/v2\/users\/1"}],"replies":[{"embeddable":true,"href":"https:\/\/www.conservatorialcoi.com\/ca\/wp-json\/wp\/v2\/comments?post=1401"}],"version-history":[{"count":2,"href":"https:\/\/www.conservatorialcoi.com\/ca\/wp-json\/wp\/v2\/pages\/1401\/revisions"}],"predecessor-version":[{"id":2043,"href":"https:\/\/www.conservatorialcoi.com\/ca\/wp-json\/wp\/v2\/pages\/1401\/revisions\/2043"}],"up":[{"embeddable":true,"href":"https:\/\/www.conservatorialcoi.com\/ca\/wp-json\/wp\/v2\/pages\/1473"}],"wp:attachment":[{"href":"https:\/\/www.conservatorialcoi.com\/ca\/wp-json\/wp\/v2\/media?parent=1401"}],"curies":[{"name":"wp","href":"https:\/\/api.w.org\/{rel}","templated":true}]}}