{"id":1233,"date":"2018-09-12T07:03:35","date_gmt":"2018-09-12T07:03:35","guid":{"rendered":"https:\/\/www.conservatorialcoi.com\/\/secretaria\/impresos-y-certificados\/"},"modified":"2025-06-10T14:32:33","modified_gmt":"2025-06-10T14:32:33","slug":"tramits-seu-electronica","status":"publish","type":"page","link":"https:\/\/www.conservatorialcoi.com\/ca\/secretaria\/tramits-seu-electronica\/","title":{"rendered":"Tr\u00e0mits seu electr\u00f2nica"},"content":{"rendered":"<p>[et_pb_section bb_built=&#8221;1&#8243; admin_label=&#8221;section&#8221; _builder_version=&#8221;3.0.47&#8243;][et_pb_row admin_label=&#8221;row&#8221; _builder_version=&#8221;3.0.47&#8243; background_size=&#8221;initial&#8221; background_position=&#8221;top_left&#8221; background_repeat=&#8221;repeat&#8221;][et_pb_column type=&#8221;4_4&#8243;][et_pb_text admin_label=&#8221;Texto&#8221; _builder_version=&#8221;3.0.51&#8243; background_layout=&#8221;light&#8221; text_orientation=&#8221;left&#8221; border_style=&#8221;solid&#8221;]<\/p>\n<div id=\"content-area\" class=\"clearfix\">\n<div id=\"left-area\" class=\"col-8\">\n<article id=\"post-6695\" class=\"et_pb_post post-6695 post type-post status-publish format-standard hentry category-musica-ca\">\n<div class=\"et_post_meta_wrapper\">\n<h3 class=\"entry-title\">ENLLA\u00c7OS DIRECTES PER A ACCEDIR ALS TR\u00c0MITS DE LA SEU ELECTR\u00d2NICA CONSERVATORI PROFESSIONAL DE M\u00daSICA \u201cJUAN CANT\u00d3\u201d<\/h3>\n<p><a href=\"https:\/\/sedeelectronica.alcoi.org\/skin\/alcoi\/pdf\/faqs\/faq_formulario_ca.pdf\"><em><span style=\"color: #ff0000;\">Com emplenar el formulari d\u2019un tr\u00e0mit<\/span><\/em><\/a><\/p>\n<div class=\"separador_titulo\"><\/div>\n<\/div>\n<div class=\"entry-content\">\n<ul>\n<li><strong><a href=\"https:\/\/sedeelectronica.alcoi.org\/sta\/CarpetaPublic\/doEvent?APP_CODE=STA&amp;PAGE_CODE=PTS_CATSERV&amp;DETALLE=6269000038337246607711&amp;lang=CA\">Convocat\u00f2ria de Premis professionals de M\u00fasica<\/a><\/strong><\/li>\n<li><a href=\"https:\/\/sedeelectronica.alcoi.org\/sta\/CarpetaPublic\/doEvent?APP_CODE=STA&amp;PAGE_CODE=PTS_CATSERV&amp;DETALLE=6269000018413614907711&amp;lang=CA\" target=\"_blank\" rel=\"noopener noreferrer\"><strong>Domiciliaci\u00f3 banc\u00e0ria per al pagament de taxes<\/strong><\/a>\u00a0Terminis de Presentaci\u00f3: Durant tot el curs acad\u00e8mic.<\/li>\n<li><a href=\"https:\/\/sedeelectronica.alcoi.org\/sta\/CarpetaPublic\/doEvent?APP_CODE=STA&amp;PAGE_CODE=PTS_CATSERV&amp;DETALLE=6269000026674075707711&amp;lang=CA\"><strong>Inscripci\u00f3 a proves d\u2019acc\u00e9s a ensenyaments professionals de m\u00fasica en Conservatori Juan Cant\u00f3 <\/strong><\/a><\/li>\n<li><a href=\"https:\/\/sedeelectronica.alcoi.org\/sta\/CarpetaPublic\/doEvent?APP_CODE=STA&amp;PAGE_CODE=PTS_CATSERV&amp;DETALLE=6269000032378349907711&amp;lang=CA\"><strong>Inscripci\u00f3 proves acc\u00e9s ensenyaments elementals de m\u00fasica Conservatori Juan Cant\u00f3\u00a0<\/strong><\/a><\/li>\n<li><a href=\"https:\/\/sedeelectronica.alcoi.org\/sta\/CarpetaPublic\/doEvent?APP_CODE=STA&amp;PAGE_CODE=PTS_CATSERV&amp;DETALLE=6269000029453529107711&amp;lang=CA\" target=\"_blank\" rel=\"noopener noreferrer\"><strong>Matriculaci\u00f3 ensenyaments elementals de m\u00fasica Conservatori \u201cJuan Cant\u00f3\u201d <\/strong><\/a><\/li>\n<li><a href=\"https:\/\/sedeelectronica.alcoi.org\/sta\/CarpetaPublic\/doEvent?APP_CODE=STA&amp;PAGE_CODE=PTS_CATSERV&amp;DETALLE=6269000029454694807711&amp;lang=CA\" target=\"_blank\" rel=\"noopener noreferrer\"><strong>Matriculaci\u00f3 ensenyaments professionals de m\u00fasica Conservatori \u201cJuan Cant\u00f3\u201d <\/strong><\/a><\/li>\n<li><a href=\"https:\/\/sedeelectronica.alcoi.org\/sta\/CarpetaPublic\/doEvent?APP_CODE=STA&amp;PAGE_CODE=PTS_CATSERV&amp;DETALLE=6269000037735764607711&amp;lang=CA\" target=\"_blank\" rel=\"noopener noreferrer\"><strong>Sol\u00b7licitud de bonificaci\u00f3 per a matr\u00edcula en el Conservatori de M\u00fasica\u00a0<\/strong><\/a><\/li>\n<li><a href=\"https:\/\/sedeelectronica.alcoi.org\/sta\/CarpetaPublic\/doEvent?APP_CODE=STA&amp;PAGE_CODE=PTS_CATSERV&amp;DETALLE=6269000044100262207711&amp;lang=CA\" target=\"_blank\" rel=\"noopener noreferrer\"><strong>Sol\u00b7licitud d\u2019expedici\u00f3 de t\u00edtols d\u2019Ensenyaments Professionals de M\u00fasica la gesti\u00f3 dels quals correspon a la Generalitat Valenciana\u00a0<\/strong><\/a><\/li>\n<li><a href=\"https:\/\/sedeelectronica.alcoi.org\/sta\/CarpetaPublic\/doEvent?APP_CODE=STA&amp;PAGE_CODE=PTS_CATSERV&amp;DETALLE=6269000044095777707711&amp;lang=CA\" target=\"_blank\" rel=\"noopener noreferrer\"><strong>Sol\u00b7licitud d\u2019ingr\u00e9s i acc\u00e9s als ensenyaments elementals i professionals de m\u00fasica per a l\u2019alumnat amb edat menor de l\u2019ordin\u00e0ria\u00a0<\/strong><\/a>Terminis de Presentaci\u00f3:\u00a0<b>De l\u20191 de febrer al 30 d\u2019abril de l\u2019any natural de realitzaci\u00f3 de les proves d\u2019acc\u00e9s.<\/b><\/li>\n<li><a href=\"https:\/\/sedeelectronica.alcoi.org\/sta\/CarpetaPublic\/doEvent?APP_CODE=STA&amp;PAGE_CODE=PTS_CATSERV&amp;DETALLE=6269000044085811907711&amp;lang=CA\" target=\"_blank\" rel=\"noopener noreferrer\"><strong>Sol\u00b7licitud de ren\u00fancia de matr\u00edcula d\u2019ensenyaments elementals i professionals de m\u00fasica\u00a0<\/strong><\/a>Terminis de Presentaci\u00f3:\u00a0<b>Abans del 15 de mar\u00e7 de cada curs escolar.<\/b><\/li>\n<li><a href=\"https:\/\/sedeelectronica.alcoi.org\/sta\/CarpetaPublic\/doEvent?APP_CODE=STA&amp;PAGE_CODE=PTS_CATSERV&amp;DETALLE=6269000026671761507711&amp;lang=CA\" target=\"_blank\" rel=\"noopener noreferrer\"><strong>Sol\u00b7licitud de tr\u00e0mits generals del Conservatori de M\u00fasica\u00a0<\/strong><\/a>Terminis de Presentaci\u00f3:\u00a0<b>Durant tot el curs acad\u00e8mic.<\/b><\/li>\n<li><strong><a href=\"https:\/\/portal.edu.gva.es\/cpmalicante\/wp-content\/uploads\/sites\/1228\/2023\/01\/Annex_I-Tramits-Generals.pdf\">Sol\u00b7licitud expediente acad\u00e8mic complet dels ensenyaments Professionals<\/a> &#8211; <a href=\"https:\/\/portal.edu.gva.es\/cpmalicante\/es\/secretaria-2\/taxes\/\">Taxes<\/a> Sol\u00b7licitar en el Conservatori Professional de M\u00fasica &#8220;Guitarrista Jos\u00e9 Tom\u00e1s&#8221; d&#8217;Alacant<\/strong><\/li>\n<li><a href=\"https:\/\/sedeelectronica.alcoi.org\/sta\/CarpetaPublic\/doEvent?APP_CODE=STA&amp;PAGE_CODE=PTS_CATSERV&amp;DETALLE=6269000044105052707711&amp;lang=CA\" target=\"_blank\" rel=\"noopener noreferrer\"><strong>Sol\u00b7licitud per a la realitzaci\u00f3 de les proves d\u2019obtenci\u00f3 directa del certificat d\u2019ensenyaments elementals de M\u00fasica\u00a0<\/strong><\/a>Terminis de Presentaci\u00f3:\u00a0<b>Primera quinzena d\u2019octubre.<\/b><\/li>\n<li><a href=\"https:\/\/sedeelectronica.alcoi.org\/sta\/CarpetaPublic\/doEvent?APP_CODE=STA&amp;PAGE_CODE=PTS_CATSERV&amp;DETALLE=6269000048031669907711&amp;lang=CA\" target=\"_blank\" rel=\"noopener noreferrer\"><strong>Sol\u00b7licitud d&#8217;ampliaci\u00f3 de matricula en Conservatori de M\u00fasica Juan Cant\u00f3<\/strong><\/a><\/li>\n<li><strong><a href=\"https:\/\/sedeelectronica.alcoi.org\/sta\/CarpetaPublic\/doEvent?APP_CODE=STA&amp;PAGE_CODE=PTS_CATSERV&amp;DETALLE=6269000052939845107711&amp;lang=CA\">Liquidaci\u00f3 de taxes educatives no universit\u00e0ries per al inici dels ensenyaments professionals de m\u00fasica<\/a><\/strong><\/li>\n<\/ul>\n<\/div>\n<div class=\"cajaCompartir\"><\/div>\n<\/article>\n<\/div>\n<\/div>\n<p>&nbsp;<\/p>\n<p>[\/et_pb_text][\/et_pb_column][\/et_pb_row][\/et_pb_section]<\/p>\n","protected":false},"excerpt":{"rendered":"<p>[et_pb_section bb_built=&#8221;1&#8243; admin_label=&#8221;section&#8221; _builder_version=&#8221;3.0.47&#8243;][et_pb_row admin_label=&#8221;row&#8221; _builder_version=&#8221;3.0.47&#8243; background_size=&#8221;initial&#8221; background_position=&#8221;top_left&#8221; background_repeat=&#8221;repeat&#8221;][et_pb_column type=&#8221;4_4&#8243;][et_pb_text admin_label=&#8221;Texto&#8221; _builder_version=&#8221;3.0.51&#8243; background_layout=&#8221;light&#8221; text_orientation=&#8221;left&#8221; border_style=&#8221;solid&#8221;] ENLLA\u00c7OS DIRECTES PER A ACCEDIR ALS TR\u00c0MITS DE LA SEU ELECTR\u00d2NICA CONSERVATORI PROFESSIONAL DE M\u00daSICA \u201cJUAN CANT\u00d3\u201d Com emplenar el formulari d\u2019un tr\u00e0mit Convocat\u00f2ria de Premis professionals de M\u00fasica Domiciliaci\u00f3 banc\u00e0ria per al pagament de taxes\u00a0Terminis de Presentaci\u00f3: Durant tot [&hellip;]<\/p>\n","protected":false},"author":1,"featured_media":0,"parent":1197,"menu_order":3,"comment_status":"closed","ping_status":"closed","template":"","meta":{"footnotes":""},"class_list":["post-1233","page","type-page","status-publish","hentry"],"yoast_head":"<!-- This site is optimized with the Yoast SEO plugin v27.3 - https:\/\/yoast.com\/product\/yoast-seo-wordpress\/ -->\n<title>Tr\u00e0mits seu electr\u00f2nica - Conservatori Professional de M\u00fasica Juan Cant\u00f3 en Alcoi<\/title>\n<meta name=\"robots\" content=\"index, follow, max-snippet:-1, max-image-preview:large, max-video-preview:-1\" \/>\n<link rel=\"canonical\" href=\"https:\/\/www.conservatorialcoi.com\/ca\/secretaria\/tramits-seu-electronica\/\" \/>\n<meta property=\"og:locale\" content=\"ca_ES\" \/>\n<meta property=\"og:type\" content=\"article\" \/>\n<meta property=\"og:title\" content=\"Tr\u00e0mits seu electr\u00f2nica - Conservatori Professional de M\u00fasica Juan Cant\u00f3 en Alcoi\" \/>\n<meta property=\"og:description\" content=\"[et_pb_section bb_built=&#8221;1&#8243; admin_label=&#8221;section&#8221; _builder_version=&#8221;3.0.47&#8243;][et_pb_row admin_label=&#8221;row&#8221; _builder_version=&#8221;3.0.47&#8243; background_size=&#8221;initial&#8221; background_position=&#8221;top_left&#8221; background_repeat=&#8221;repeat&#8221;][et_pb_column type=&#8221;4_4&#8243;][et_pb_text admin_label=&#8221;Texto&#8221; _builder_version=&#8221;3.0.51&#8243; background_layout=&#8221;light&#8221; text_orientation=&#8221;left&#8221; border_style=&#8221;solid&#8221;] ENLLA\u00c7OS DIRECTES PER A ACCEDIR ALS TR\u00c0MITS DE LA SEU ELECTR\u00d2NICA CONSERVATORI PROFESSIONAL DE M\u00daSICA \u201cJUAN CANT\u00d3\u201d Com emplenar el formulari d\u2019un tr\u00e0mit Convocat\u00f2ria de Premis professionals de M\u00fasica Domiciliaci\u00f3 banc\u00e0ria per al pagament de taxes\u00a0Terminis de Presentaci\u00f3: Durant tot [&hellip;]\" \/>\n<meta property=\"og:url\" content=\"https:\/\/www.conservatorialcoi.com\/ca\/secretaria\/tramits-seu-electronica\/\" \/>\n<meta property=\"og:site_name\" content=\"Conservatori Professional de M\u00fasica Juan Cant\u00f3 en Alcoi\" \/>\n<meta property=\"article:modified_time\" content=\"2025-06-10T14:32:33+00:00\" \/>\n<meta name=\"twitter:card\" content=\"summary_large_image\" \/>\n<meta name=\"twitter:label1\" content=\"Temps estimat de lectura\" \/>\n\t<meta name=\"twitter:data1\" content=\"2 minuts\" \/>\n<script type=\"application\/ld+json\" class=\"yoast-schema-graph\">{\"@context\":\"https:\\\/\\\/schema.org\",\"@graph\":[{\"@type\":\"WebPage\",\"@id\":\"https:\\\/\\\/www.conservatorialcoi.com\\\/ca\\\/secretaria\\\/tramits-seu-electronica\\\/\",\"url\":\"https:\\\/\\\/www.conservatorialcoi.com\\\/ca\\\/secretaria\\\/tramits-seu-electronica\\\/\",\"name\":\"Tr\u00e0mits seu electr\u00f2nica - Conservatori Professional de M\u00fasica Juan Cant\u00f3 en Alcoi\",\"isPartOf\":{\"@id\":\"https:\\\/\\\/www.conservatorialcoi.com\\\/#website\"},\"datePublished\":\"2018-09-12T07:03:35+00:00\",\"dateModified\":\"2025-06-10T14:32:33+00:00\",\"breadcrumb\":{\"@id\":\"https:\\\/\\\/www.conservatorialcoi.com\\\/ca\\\/secretaria\\\/tramits-seu-electronica\\\/#breadcrumb\"},\"inLanguage\":\"ca\",\"potentialAction\":[{\"@type\":\"ReadAction\",\"target\":[\"https:\\\/\\\/www.conservatorialcoi.com\\\/ca\\\/secretaria\\\/tramits-seu-electronica\\\/\"]}]},{\"@type\":\"BreadcrumbList\",\"@id\":\"https:\\\/\\\/www.conservatorialcoi.com\\\/ca\\\/secretaria\\\/tramits-seu-electronica\\\/#breadcrumb\",\"itemListElement\":[{\"@type\":\"ListItem\",\"position\":1,\"name\":\"Portada\",\"item\":\"https:\\\/\\\/www.conservatorialcoi.com\\\/ca\\\/\"},{\"@type\":\"ListItem\",\"position\":2,\"name\":\"Secretar\u00eda\",\"item\":\"https:\\\/\\\/www.conservatorialcoi.com\\\/ca\\\/secretaria\\\/\"},{\"@type\":\"ListItem\",\"position\":3,\"name\":\"Tr\u00e0mits seu electr\u00f2nica\"}]},{\"@type\":\"WebSite\",\"@id\":\"https:\\\/\\\/www.conservatorialcoi.com\\\/#website\",\"url\":\"https:\\\/\\\/www.conservatorialcoi.com\\\/\",\"name\":\"Conservatori Professional de M\u00fasica Juan Cant\u00f3 en Alcoi\",\"description\":\"\",\"potentialAction\":[{\"@type\":\"SearchAction\",\"target\":{\"@type\":\"EntryPoint\",\"urlTemplate\":\"https:\\\/\\\/www.conservatorialcoi.com\\\/?s={search_term_string}\"},\"query-input\":{\"@type\":\"PropertyValueSpecification\",\"valueRequired\":true,\"valueName\":\"search_term_string\"}}],\"inLanguage\":\"ca\"}]}<\/script>\n<!-- \/ Yoast SEO plugin. -->","yoast_head_json":{"title":"Tr\u00e0mits seu electr\u00f2nica - Conservatori Professional de M\u00fasica Juan Cant\u00f3 en Alcoi","robots":{"index":"index","follow":"follow","max-snippet":"max-snippet:-1","max-image-preview":"max-image-preview:large","max-video-preview":"max-video-preview:-1"},"canonical":"https:\/\/www.conservatorialcoi.com\/ca\/secretaria\/tramits-seu-electronica\/","og_locale":"ca_ES","og_type":"article","og_title":"Tr\u00e0mits seu electr\u00f2nica - Conservatori Professional de M\u00fasica Juan Cant\u00f3 en Alcoi","og_description":"[et_pb_section bb_built=&#8221;1&#8243; admin_label=&#8221;section&#8221; _builder_version=&#8221;3.0.47&#8243;][et_pb_row admin_label=&#8221;row&#8221; _builder_version=&#8221;3.0.47&#8243; background_size=&#8221;initial&#8221; background_position=&#8221;top_left&#8221; background_repeat=&#8221;repeat&#8221;][et_pb_column type=&#8221;4_4&#8243;][et_pb_text admin_label=&#8221;Texto&#8221; _builder_version=&#8221;3.0.51&#8243; background_layout=&#8221;light&#8221; text_orientation=&#8221;left&#8221; border_style=&#8221;solid&#8221;] ENLLA\u00c7OS DIRECTES PER A ACCEDIR ALS TR\u00c0MITS DE LA SEU ELECTR\u00d2NICA CONSERVATORI PROFESSIONAL DE M\u00daSICA \u201cJUAN CANT\u00d3\u201d Com emplenar el formulari d\u2019un tr\u00e0mit Convocat\u00f2ria de Premis professionals de M\u00fasica Domiciliaci\u00f3 banc\u00e0ria per al pagament de taxes\u00a0Terminis de Presentaci\u00f3: Durant tot [&hellip;]","og_url":"https:\/\/www.conservatorialcoi.com\/ca\/secretaria\/tramits-seu-electronica\/","og_site_name":"Conservatori Professional de M\u00fasica Juan Cant\u00f3 en Alcoi","article_modified_time":"2025-06-10T14:32:33+00:00","twitter_card":"summary_large_image","twitter_misc":{"Temps estimat de lectura":"2 minuts"},"schema":{"@context":"https:\/\/schema.org","@graph":[{"@type":"WebPage","@id":"https:\/\/www.conservatorialcoi.com\/ca\/secretaria\/tramits-seu-electronica\/","url":"https:\/\/www.conservatorialcoi.com\/ca\/secretaria\/tramits-seu-electronica\/","name":"Tr\u00e0mits seu electr\u00f2nica - Conservatori Professional de M\u00fasica Juan Cant\u00f3 en Alcoi","isPartOf":{"@id":"https:\/\/www.conservatorialcoi.com\/#website"},"datePublished":"2018-09-12T07:03:35+00:00","dateModified":"2025-06-10T14:32:33+00:00","breadcrumb":{"@id":"https:\/\/www.conservatorialcoi.com\/ca\/secretaria\/tramits-seu-electronica\/#breadcrumb"},"inLanguage":"ca","potentialAction":[{"@type":"ReadAction","target":["https:\/\/www.conservatorialcoi.com\/ca\/secretaria\/tramits-seu-electronica\/"]}]},{"@type":"BreadcrumbList","@id":"https:\/\/www.conservatorialcoi.com\/ca\/secretaria\/tramits-seu-electronica\/#breadcrumb","itemListElement":[{"@type":"ListItem","position":1,"name":"Portada","item":"https:\/\/www.conservatorialcoi.com\/ca\/"},{"@type":"ListItem","position":2,"name":"Secretar\u00eda","item":"https:\/\/www.conservatorialcoi.com\/ca\/secretaria\/"},{"@type":"ListItem","position":3,"name":"Tr\u00e0mits seu electr\u00f2nica"}]},{"@type":"WebSite","@id":"https:\/\/www.conservatorialcoi.com\/#website","url":"https:\/\/www.conservatorialcoi.com\/","name":"Conservatori Professional de M\u00fasica Juan Cant\u00f3 en Alcoi","description":"","potentialAction":[{"@type":"SearchAction","target":{"@type":"EntryPoint","urlTemplate":"https:\/\/www.conservatorialcoi.com\/?s={search_term_string}"},"query-input":{"@type":"PropertyValueSpecification","valueRequired":true,"valueName":"search_term_string"}}],"inLanguage":"ca"}]}},"_links":{"self":[{"href":"https:\/\/www.conservatorialcoi.com\/ca\/wp-json\/wp\/v2\/pages\/1233","targetHints":{"allow":["GET"]}}],"collection":[{"href":"https:\/\/www.conservatorialcoi.com\/ca\/wp-json\/wp\/v2\/pages"}],"about":[{"href":"https:\/\/www.conservatorialcoi.com\/ca\/wp-json\/wp\/v2\/types\/page"}],"author":[{"embeddable":true,"href":"https:\/\/www.conservatorialcoi.com\/ca\/wp-json\/wp\/v2\/users\/1"}],"replies":[{"embeddable":true,"href":"https:\/\/www.conservatorialcoi.com\/ca\/wp-json\/wp\/v2\/comments?post=1233"}],"version-history":[{"count":65,"href":"https:\/\/www.conservatorialcoi.com\/ca\/wp-json\/wp\/v2\/pages\/1233\/revisions"}],"predecessor-version":[{"id":9987,"href":"https:\/\/www.conservatorialcoi.com\/ca\/wp-json\/wp\/v2\/pages\/1233\/revisions\/9987"}],"up":[{"embeddable":true,"href":"https:\/\/www.conservatorialcoi.com\/ca\/wp-json\/wp\/v2\/pages\/1197"}],"wp:attachment":[{"href":"https:\/\/www.conservatorialcoi.com\/ca\/wp-json\/wp\/v2\/media?parent=1233"}],"curies":[{"name":"wp","href":"https:\/\/api.w.org\/{rel}","templated":true}]}}