{"id":1200,"date":"2018-09-12T06:54:50","date_gmt":"2018-09-12T06:54:50","guid":{"rendered":"https:\/\/www.conservatorialcoi.com\/\/informacion-academica\/ensenanza-elemental\/pruebas-de-acceso-e-ingreso\/"},"modified":"2026-03-30T20:50:34","modified_gmt":"2026-03-30T20:50:34","slug":"pruebas-de-acceso-e-ingreso","status":"publish","type":"page","link":"https:\/\/www.conservatorialcoi.com\/ca\/informacio-academica\/ensenanza-elemental\/pruebas-de-acceso-e-ingreso\/","title":{"rendered":"Proves de acc\u00e9s i ingr\u00e9s"},"content":{"rendered":"<p>[et_pb_section bb_built=&#8221;1&#8243; admin_label=&#8221;section&#8221; _builder_version=&#8221;3.0.47&#8243;][et_pb_row admin_label=&#8221;row&#8221; _builder_version=&#8221;3.0.47&#8243; background_size=&#8221;initial&#8221; background_position=&#8221;top_left&#8221; background_repeat=&#8221;repeat&#8221;][et_pb_column type=&#8221;4_4&#8243;][et_pb_text admin_label=&#8221;Texto&#8221; _builder_version=&#8221;3.0.51&#8243; background_size=&#8221;initial&#8221; background_position=&#8221;top_left&#8221; background_repeat=&#8221;repeat&#8221; background_layout=&#8221;light&#8221; text_orientation=&#8221;left&#8221; border_style=&#8221;solid&#8221;]<\/p>\n<p style=\"text-align: center;\"><strong><span style=\"color: #ff6600;\"><span style=\"font-size: large;\"><span lang=\"ca-ES\"><u>INGR\u00c9S I ACC\u00c9S ALS ENSENYA<\/u><\/span><\/span><\/span><\/strong><strong><span style=\"color: #ff6600;\"><span style=\"font-size: large;\"><span lang=\"ca-ES\"><u>MENTS<\/u><\/span><\/span><\/span><\/strong><strong><span style=\"color: #ff6600;\"><span style=\"font-size: large;\"><span lang=\"ca-ES\"><u> ELEMENTALS<\/u><\/span><\/span><\/span><\/strong><\/p>\n<p align=\"justify\"><a href=\"https:\/\/dogv.gva.es\/va\/resultat-dogv?signatura=2025\/5361\">RESOLUCI\u00d3 de 5 de mar\u00e7 de 2025, de la Direcci\u00f3 General de Centres Docents, per la qual s\u2019establix el calendari per a la<\/a><\/p>\n<p><a href=\"https:\/\/dogv.gva.es\/va\/resultat-dogv?signatura=2025\/5361\">inscripci\u00f3 i la realitzaci\u00f3\u00a0 de les proves d\u2019ingr\u00e9s i d\u2019acc\u00e9s\u00a0 i la matr\u00edcula en les ensenyances elementals\u00a0 i professionals\u00a0 de<\/a><\/p>\n<p><a href=\"https:\/\/dogv.gva.es\/va\/resultat-dogv?signatura=2025\/5361\">M\u00fasica i de Dansa de la Comunitat Valenciana per al curs 2025-2026.<\/a><\/p>\n<p>&nbsp;<\/p>\n<p><strong><span style=\"color: #ff6600;\">INSCRIPCI\u00d3<\/span>:<\/strong> des de les 00.00h. del <strong>1 d&#8217;abril\u00a0 <\/strong>fins a les 23.59h. del <strong>11 de maig<\/strong> de 20<\/p>\n<p><strong>\u2022 Llistes provisionals d&#8217;admesos i exclosos: 12 de maig de 2025<\/strong><\/p>\n<p><strong>\u2022 Reclamaci\u00f3 a les llistes provisionals: Des de les 09.00h del 13 de maig fins a les 15.00h del 15 de maig.<\/strong><\/p>\n<p><strong>\u2022 Llistes definitives d&#8217;admesos i exclosos: 19 de maig de 2025<\/strong><\/p>\n<p><strong>\u2022 Realitzaci\u00f3 de les proves d&#8217;acc\u00e9s: 19 de juny de 2025 a les 10.00h<\/strong><\/p>\n<p>&nbsp;<\/p>\n<p class=\"\"><span style=\"color: #ff6600;\"><b>PRESENTACI\u00d3<\/b><\/span><\/p>\n<p><a href=\"https:\/\/sedeelectronica.alcoi.org\/sta\/CarpetaPublic\/doEvent?APP_CODE=STA&amp;PAGE_CODE=PTS_CATSERV&amp;DETALLE=6269000032378349907711&amp;lang=CA\"><b>SEU ELECTR\u00d2NICA (\u00daNICAMENT DE FORMA TELEM\u00c0TICA)<\/b><\/a><\/p>\n<dl class=\"document-list\">\n<dt>\n<dl class=\"documents-node\">\n<dt class=\"level0\"><\/dt>\n<dt class=\"level0\">DOCUMENTACI\u00d3 REQUERIDA<\/dt>\n<dt class=\"level0\">\u2022 Sol\u00b7licitud d&#8217;inscripci\u00f3 o d&#8217;ingr\u00e9s i acc\u00e9s per a alumnat amb edat major de l&#8217;ordin\u00e0ria<\/dt>\n<dt class=\"level0\">\u2022 Escrit motivat per a poder realitzar la prova d&#8217;ingr\u00e9s o d&#8217;acc\u00e9s (per a edat major de l&#8217;ordin\u00e0ria)<\/dt>\n<dt class=\"level0\">\u2022 Certificat d&#8217;estudis previs de M\u00fasica (per a edat major de l&#8217;ordin\u00e0ria)<\/dt>\n<dt class=\"level0\">\u2022 DNI alumne o alumna, o en el seu cas full del Llibre de Fam\u00edlia on conste<\/dt>\n<\/dl>\n<\/dt>\n<\/dl>\n<p align=\"justify\">Una vegada omplida i registrada la sol\u00b7licitud telem\u00e0tica, aquesta quedar\u00e0 arxivada com a documentaci\u00f3 per a poder realitzar les respectives proves d\u2019ingr\u00e9s i\/o acc\u00e9s al conservatori \/ als conservatoris on desitgen realitzar les proves indicades, tot assumint les condicions amb refer\u00e8ncia a la veracitat de tota la documentaci\u00f3 enviada.<\/p>\n<p align=\"justify\">A m\u00e9s, tot l\u2019alumnat que vaja a realitzar la prova o, si \u00e9s el cas, mares\/pares o tutors legals d\u2019aquests, hauran de portar la justificaci\u00f3 del registre d\u2019enviament de la sol\u00b7licitud, generada en el proc\u00e9s telem\u00e0tic, juntament amb els originals de tota la documentaci\u00f3, el dia de l\u2019examen (per a poder ser confrontada per part del personal del conservatori).<\/p>\n<p align=\"justify\"><strong><span style=\"color: #ff6600;\"><span lang=\"ca-ES\">OBJECTE DEL TR\u00c0MIT<\/span><\/span><\/strong><\/p>\n<p align=\"justify\">L\u2019alumnat que desitge iniciar els ensenyaments elementals de m\u00fasica a trav\u00e9s de l\u2019ingr\u00e9s en primer curs, haur\u00e0 de realitzar una prova per mitj\u00e0 de la qual es valoraran les aptituds de l\u2019aspirant per a cursar aquests ensenyaments.<\/p>\n<p align=\"justify\">Aix\u00ed mateix, podr\u00e0 accedir-se a cada curs dels ensenyaments elementals sense haver cursat els anteriors sempre que, a trav\u00e9s d\u2019una prova realitzada davant d\u2019una comissi\u00f3 d\u2019avaluaci\u00f3 designada pel director del centre, l\u2019aspirant demostre posseir els coneixements teoricopr\u00e0ctics i tecnicoinstrumentals, en el cas de m\u00fasica, necessaris per a seguir amb aprofitament els ensenyaments corresponents, i se\u2019n valore l\u2019edat id\u00f2nia.<\/p>\n<p><strong><span style=\"color: #ff6600;\"><span lang=\"ca-ES\">REQUISITS<\/span><\/span><\/strong><\/p>\n<p align=\"justify\">Els ensenyaments elementals de M\u00fasica es cursaran ordin\u00e0riament entre els 8 i els 12 anys, complits l\u2019any natural d\u2019inici i de finalitzaci\u00f3, respectivament, dels ensenyaments. L\u2019inici dels ensenyaments elementals amb menys de huit anys o m\u00e9s de dotze s\u2019entendr\u00e0 com a excepcional.<\/p>\n<p>&nbsp;<\/p>\n<hr \/>\n<h4 class=\"\" style=\"text-align: center;\" align=\"justify\"><\/h4>\n<h4 class=\"\" style=\"text-align: center;\" align=\"justify\"><\/h4>\n<h4 class=\"\" style=\"text-align: center;\" align=\"justify\"><span style=\"text-decoration: underline;\"><span style=\"color: #ff6600; text-decoration: underline;\">PROCEDIMENT P\u00daBLIC D&#8217;ADJUDICACI\u00d3 DE PLAZAS ESCOLARES Y MATR\u00cdCULA<\/span><\/span><\/h4>\n<p style=\"text-align: center;\" align=\"justify\"><span style=\"text-decoration: underline;\"><span style=\"color: #000080; text-decoration: underline;\"><strong><span style=\"font-family: Liberation Serif, serif;\"><span style=\"font-size: medium;\"><span lang=\"ca-ES\"><b>INGR\u00c9S A PRIMER CURS DELS <\/b><\/span><\/span><\/span><\/strong><strong><span style=\"font-family: Liberation Serif, serif;\"><span style=\"font-size: medium;\"><span lang=\"ca-ES\"><b>ENSENYAMENTS <\/b><\/span><\/span><\/span><\/strong><strong><span style=\"font-family: Liberation Serif, serif;\"><span style=\"font-size: medium;\"><span lang=\"ca-ES\"><b>ELEMENTALS<\/b><\/span><\/span><\/span><\/strong><\/span><\/span><\/p>\n<p align=\"justify\"><strong><span style=\"font-family: Liberation Serif, serif;\"><span style=\"font-size: medium;\"><span lang=\"ca-ES\">Est\u00e0 regulat per les <\/span><\/span><\/span><\/strong><strong><span style=\"font-family: Liberation Serif, serif;\"><span style=\"font-size: medium;\"><span lang=\"ca-ES\">O<\/span><\/span><\/span><\/strong><strong><span style=\"font-family: Liberation Serif, serif;\"><span style=\"font-size: medium;\"><span lang=\"ca-ES\">rd<\/span><\/span><\/span><\/strong><strong><span style=\"font-family: Liberation Serif, serif;\"><span style=\"font-size: medium;\"><span lang=\"ca-ES\">r<\/span><\/span><\/span><\/strong><strong><span style=\"font-family: Liberation Serif, serif;\"><span style=\"font-size: medium;\"><span lang=\"ca-ES\">es <\/span><\/span><\/span><\/strong><strong><span style=\"font-family: Liberation Serif, serif;\"><span style=\"font-size: medium;\"><span lang=\"ca-ES\"><a class=\"western\" href=\"http:\/\/www.dogv.gva.es\/datos\/2015\/05\/15\/pdf\/2015_4473.pdf\" target=\"_blank\" rel=\"noopener noreferrer\">49\/2015<\/a> i <a class=\"western\" href=\"http:\/\/www.dogv.gva.es\/datos\/2011\/05\/17\/pdf\/2011_5562.pdf\" target=\"_blank\" rel=\"noopener noreferrer\">28\/2011<\/a><\/span><\/span><\/span><\/strong><strong><span style=\"font-family: Liberation Serif, serif;\"><span style=\"font-size: medium;\"><span lang=\"ca-ES\">, a m\u00e9s del Decret<\/span><\/span><\/span><\/strong><strong><span style=\"font-family: Liberation Serif, serif;\"><span style=\"font-size: medium;\"><span lang=\"ca-ES\"> <a class=\"western\" href=\"http:\/\/www.docv.gva.es\/datos\/2007\/09\/25\/pdf\/2007_11701.pdf\" target=\"_blank\" rel=\"noopener noreferrer\">159\/2007<\/a><\/span><\/span><\/span><\/strong> <strong><span style=\"font-family: Liberation Serif, serif;\"><span style=\"font-size: medium;\"><span lang=\"ca-ES\">i<\/span><\/span><\/span><\/strong><strong><span style=\"font-family: Liberation Serif, serif;\"><span style=\"font-size: medium;\"><span lang=\"ca-ES\"> <a class=\"western\" href=\"http:\/\/www.docv.gva.es\/datos\/2014\/09\/15\/pdf\/2014_8367.pdf\" target=\"_blank\" rel=\"noopener noreferrer\">148\/1014<\/a><\/span><\/span><\/span><\/strong><strong><span style=\"font-family: Liberation Serif, serif;\"><span style=\"font-size: medium;\"><span lang=\"ca-ES\"> del Curr\u00edculum.<\/span><\/span><\/span><\/strong><\/p>\n<p align=\"justify\"><span style=\"font-family: Liberation Serif, serif;\"><span style=\"font-size: medium;\">S\u2019hi pot presentar qualsevol persona, encara que la legislaci\u00f3 estableix una edat id\u00f2nia per a cursar els ensenyaments musicals:<\/span><\/span><\/p>\n<p align=\"justify\">\u201c<span style=\"font-family: Liberation Serif, serif;\"><span style=\"font-size: medium;\">Els ensenyaments elementals de M\u00fasica i Dansa es cursaran ordin\u00e0riament entre els huit i els dotze anys, complits l\u2019any natural d\u2019inici i finalitzaci\u00f3. L\u2019inici dels ensenyaments elementals amb menys de huit i m\u00e9s de dotze s\u2019entendr\u00e0 com a excepcional.\u201d (Decret 49\/2015)<\/span><\/span><\/p>\n<p align=\"justify\"><span style=\"font-size: small;\"><strong><span style=\"font-family: Liberation Serif, serif;\"><span style=\"font-size: medium;\"><span lang=\"ca-ES\">El concepte d\u2019edat id\u00f2nia s\u2019establ<\/span><\/span><\/span><\/strong><strong><span style=\"font-family: Liberation Serif, serif;\"><span style=\"font-size: medium;\"><span lang=\"ca-ES\">e<\/span><\/span><\/span><\/strong><strong><span style=\"font-family: Liberation Serif, serif;\"><span style=\"font-size: medium;\"><span lang=\"ca-ES\">ix per a afavorir la coordinaci\u00f3 i les convalidacions futures que es pogueren produir amb <\/span><\/span><\/span><\/strong><strong><span style=\"font-family: Liberation Serif, serif;\"><span style=\"font-size: medium;\"><span lang=\"ca-ES\">e<\/span><\/span><\/span><\/strong><strong><span style=\"font-family: Liberation Serif, serif;\"><span style=\"font-size: medium;\"><span lang=\"ca-ES\">ls ensenyaments generals.<\/span><\/span><\/span><\/strong><\/span><\/p>\n<p align=\"justify\">Els aspirants amb edats inferiors a les fixades amb car\u00e0cter ordinari (Ensenyaments Elementals de 8 a 12 anys i Ensenyaments Professionals de 12 a 18 anys), tal com estableix l&#8217;article 2 de l&#8217;Ordre 28\/2011, de 10 de maig, per iniciar ensenyaments elementals o professionals en M\u00fasica o Dansa, o per accedir a cursos diferents del primer, hauran d&#8217;obtindre\u00a0 autoritzaci\u00f3 per assistir a les proves d&#8217;ingr\u00e9s o acc\u00e9s, respectivament.<\/p>\n<p align=\"justify\">Els aspirants amb edats superiors a les fixades amb car\u00e0cter ordinari, tal com estableix l&#8217;article 2 de l&#8217;Ordre 28\/2011, de 10 de maig, podran sol\u00b7licitar a la direcci\u00f3 del centre la presentaci\u00f3 de les respectives proves d&#8217;ingr\u00e9s o d&#8217;acc\u00e9s, tant al primer curs com a cursos diferents del primer, dels ensenyaments elementals o professionals de M\u00fasica o Dansa.<\/p>\n<p align=\"justify\">El alumnat\u00a0 que tinga l&#8217;autoritzaci\u00f3 d&#8217;ingr\u00e9s o acc\u00e9s a ensenyaments elementals despr\u00e9s del curs 2013-2014, no hauran de fer una nova sol\u00b7licitud d&#8217;acc\u00e9s a ensenyaments professionals.<\/p>\n<p align=\"justify\">Quan ho sol\u00b7licitar\u00e9?<\/p>\n<p align=\"justify\">Per a alumnes amb edats menors : Les sol\u00b7licituds s&#8217;han de remetre a la direcci\u00f3\u00a0 dels conservatoris i\/o centres autoritzats d&#8217;ensenyaments elementals i professionals de m\u00fasica i\u00a0 dansa, de l&#8217;1 de febrer al 30 d&#8217;abril de l&#8217;any natural de realitzaci\u00f3 de les proves d&#8217;acc\u00e9s.<\/p>\n<p align=\"justify\">Per a alumnes amb edats\u00a0 superiors : Hauran d&#8217;anar al centre on vulguen fer la prova per con\u00e8ixer els terminis de presentaci\u00f3 d&#8217;aquesta inst\u00e0ncia.<\/p>\n<p align=\"justify\">On anar?<\/p>\n<p align=\"justify\">1.- Els sol\u00b7licitants menors d&#8217;edat de les fixades amb car\u00e1cter ordinari presentaran la sol\u00b7licitud, segons l&#8217;Annex II, en conservatoris i\/o centres autoritzats, o telem\u00e0ticament, gestionats per aquests centres.<\/p>\n<p align=\"justify\">2.- Els sol\u00b7licitants d&#8217;edats superiors a les fixades amb car\u00e1cter ordin\u00e0ria presentaran la sol\u00b7licitud , segons l&#8217;Annex III, davant la direcci\u00f3 del conservatori o centre autoritzat.<\/p>\n<p align=\"justify\"><strong><span style=\"font-family: Liberation Serif, serif;\"><span style=\"font-size: medium;\">Els aspirants hauran de realitzar una prova d\u2019aptituds musicals en qu\u00e8 no es requeriran coneixements musicals previs.<\/span><\/span><\/strong><\/p>\n<p align=\"justify\"><span style=\"font-size: small;\"><strong><span style=\"font-family: Liberation Serif, serif;\"><span style=\"font-size: medium;\"><span lang=\"ca-ES\">Es valoraran les aptituds dels aspirants i s\u2019adjudicaran les places segons la <\/span><\/span><\/span><\/strong><strong><span style=\"font-family: Liberation Serif, serif;\"><span style=\"font-size: medium;\"><span lang=\"ca-ES\">qu<\/span><\/span><\/span><\/strong><strong><span style=\"font-family: Liberation Serif, serif;\"><span style=\"font-size: medium;\"><span lang=\"ca-ES\">alificaci\u00f3 obtinguda i seguint l\u2019ord<\/span><\/span><\/span><\/strong><strong><span style=\"font-family: Liberation Serif, serif;\"><span style=\"font-size: medium;\"><span lang=\"ca-ES\">r<\/span><\/span><\/span><\/strong><strong><span style=\"font-family: Liberation Serif, serif;\"><span style=\"font-size: medium;\"><span lang=\"ca-ES\">e de prelaci\u00f3 establit en l\u2019Ord<\/span><\/span><\/span><\/strong><strong><span style=\"font-family: Liberation Serif, serif;\"><span style=\"font-size: medium;\"><span lang=\"ca-ES\">r<\/span><\/span><\/span><\/strong><strong><span style=\"font-family: Liberation Serif, serif;\"><span style=\"font-size: medium;\"><span lang=\"ca-ES\">e 28\/2011, de 10 de maig, de la Conselleria d\u2019Educaci\u00f3.<\/span><\/span><\/span><\/strong><\/span><\/p>\n<p style=\"text-align: center;\"><span style=\"color: #000080;\"><strong><span style=\"font-family: Liberation Serif, serif;\"><span style=\"font-size: medium;\"><span lang=\"ca-ES\"><u>PROVES A PRIMER CURS<\/u><\/span><\/span><\/span><\/strong><\/span><\/p>\n<p align=\"justify\"><strong><span style=\"color: #3366ff;\"><a href=\"https:\/\/www.conservatorialcoi.com\/wp-content\/uploads\/2026\/03\/Instruccions-Proves-aptituds-valencia.pdf\">Instruccions proves d&#8217;acc\u00e9s a primer curs <\/a> <\/span><\/strong><\/p>\n<p align=\"justify\">Edat Ordin\u00e0ria (de 8 a 12 anys)<\/p>\n<p>Regulat per les ordes 49\/2015 i 28\/2011, a m\u00e9s del Decret 159\/2007 i 148\/1014 del Curr\u00edculum<\/p>\n<p align=\"justify\"><span style=\"font-family: Liberation Serif, serif;\"><span style=\"font-size: medium;\">La Comissi\u00f3 de Coordinaci\u00f3 Pedag\u00f2gica del Conservatori Joan Cant\u00f3 d\u2019Alcoi ha decidit adoptar els criteris seg\u00fcents:<\/span><\/span><\/p>\n<p align=\"justify\"><span style=\"font-family: Liberation Serif, serif;\"><span style=\"font-size: medium;\">Establir l\u2019edat id\u00f2nia d\u2019acc\u00e9s als ensenyaments elementals en els valors seg\u00fcents:<\/span><\/span><\/p>\n<ul>\n<li><span style=\"font-family: Liberation Serif, serif;\"><span style=\"font-size: medium;\">1r curs: 8 anys<\/span><\/span><\/li>\n<li><span style=\"font-family: Liberation Serif, serif;\"><span style=\"font-size: medium;\">2n curs: 9 anys<\/span><\/span><\/li>\n<li><span style=\"font-family: Liberation Serif, serif;\"><span style=\"font-size: medium;\">3r curs: 10 anys<\/span><\/span><\/li>\n<li><span style=\"font-family: Liberation Serif, serif;\"><span style=\"font-size: medium;\">4t curs: 11 anys<\/span><\/span><\/li>\n<\/ul>\n<p align=\"justify\"><span style=\"font-family: Liberation Serif, serif;\"><span style=\"font-size: medium;\">Establir els coeficients pels quals ser\u00e0 multiplicada la nota mitjana de les proves per a obtenir la nota final que apareixer\u00e0 en l\u2019acta.<\/span><\/span><\/p>\n<ul>\n<li><span style=\"font-family: Liberation Serif, serif;\"><span style=\"font-size: medium;\">Alumnes amb edat id\u00f2nia: nota mitjana x 1<\/span><\/span><\/li>\n<li><span style=\"font-size: small;\"><strong><span style=\"font-family: Liberation Serif, serif;\"><span style=\"font-size: medium;\"><span lang=\"ca-ES\">Alumnes amb un any m\u00e9s de l\u2019edat id\u00f2nia:<\/span><\/span><\/span><\/strong><strong><span style=\"font-family: Liberation Serif, serif;\"><span style=\"font-size: medium;\"><span lang=\"ca-ES\">n<\/span><\/span><\/span><\/strong><strong><span style=\"font-family: Liberation Serif, serif;\"><span style=\"font-size: medium;\"><span lang=\"ca-ES\">ota mitjana x 0,95<\/span><\/span><\/span><\/strong><\/span><\/li>\n<li><span style=\"font-family: Liberation Serif, serif;\"><span style=\"font-size: medium;\">Alumnes amb dos anys m\u00e9s de l\u2019edat id\u00f2nia: nota mitjana x 0,90<\/span><\/span><\/li>\n<li><span style=\"font-family: Liberation Serif, serif;\"><span style=\"font-size: medium;\">Alumnes amb tres anys m\u00e9s de l\u2019edat id\u00f2nia: nota mitjana x 0.85<\/span><\/span><\/li>\n<li><span style=\"font-family: Liberation Serif, serif;\"><span style=\"font-size: medium;\">Alumnes amb quatre anys o mes de l\u2019edat id\u00f2nia: nota mitjana x 0,80<\/span><\/span><\/li>\n<\/ul>\n<p align=\"justify\"><strong><span style=\"color: #000000;\"><span style=\"font-family: Liberation Serif, serif;\"><span style=\"font-size: medium;\"><span lang=\"ca-ES\"><u>Publicaci\u00f3 de l<\/u><\/span><\/span><\/span><\/span><\/strong><strong><span style=\"color: #000000;\"><span style=\"font-family: Liberation Serif, serif;\"><span style=\"font-size: medium;\"><span lang=\"ca-ES\"><u>a<\/u><\/span><\/span><\/span><\/span><\/strong><strong><span style=\"color: #000000;\"><span style=\"font-family: Liberation Serif, serif;\"><span style=\"font-size: medium;\"><span lang=\"ca-ES\"><u> llista d\u2019aspirants aprovats<\/u><\/span><\/span><\/span><\/span><\/strong><\/p>\n<p align=\"justify\"><span style=\"font-family: Liberation Serif, serif;\"><span style=\"font-size: medium;\">Els resultats provisionals de la prova es publicaran probablement l\u2019endem\u00e0 de la prova en els taulers d\u2019anuncis del centre i en la p\u00e0gina web, en una llista ordenada de major a menor nota obtinguda pels aspirants. Les persones interessades podran interposar una reclamaci\u00f3 contra la llista provisional en el termini de tres dies h\u00e0bils comptats des de l\u2019endem\u00e0 de la publicaci\u00f3, per mitj\u00e0 d\u2019un escrit adre\u00e7at al centre. Una vegada resoltes les reclamacions, la Direcci\u00f3 publicar\u00e0 la llista definitiva d\u2019aspirants.<\/span><\/span><\/p>\n<p><span style=\"color: #000000;\"><strong><span style=\"font-family: Liberation Serif, serif;\"><span style=\"font-size: medium;\"><span lang=\"ca-ES\"><u>Adjudicaci\u00f3 de vacants<\/u><\/span><\/span><\/span><\/strong><\/span><\/p>\n<p align=\"justify\"><span style=\"font-family: Liberation Serif, serif;\"><span style=\"font-size: medium;\">Es publicar\u00e0 una llista amb l\u2019oferta de places vacants desglossades per instrument.<\/span><\/span><\/p>\n<p align=\"justify\"><span style=\"font-family: Liberation Serif, serif;\"><span style=\"font-size: medium;\">En l\u2019acte d\u2019adjudicaci\u00f3, el pare, mare o tutor\/a legal de l\u2019alumne\/a haur\u00e0 d\u2019acreditar-se per mitj\u00e0 del seu DNI, i es triaran les places vacants per ordre de puntuaci\u00f3 fins que s\u2019esgote la llista. Una vegada esgotades les places que hi haja vacants en cada instrument, s\u2019oferir\u00e0 la possibilitat de formar part d\u2019una llista d\u2019espera (m\u00e0xim 2 instruments diferents) per si hi haguera baixes sobrevingudes.<\/span><\/span><\/p>\n<p style=\"text-align: center;\" align=\"justify\"><span style=\"text-decoration: underline; font-size: medium; color: #000080;\"><span style=\"font-family: 'Liberation Serif', serif;\"><strong><span lang=\"ca-ES\"><b>ACC\u00c9S A CURSOS DIFERENTS DE PRIMER DELS <\/b><\/span><\/strong><strong><span lang=\"ca-ES\"><b>ENSENYAMENTS <\/b><\/span><\/strong><strong><span lang=\"ca-ES\"><b>ELEMENTAL<\/b><\/span><\/strong><strong><span lang=\"ca-ES\"><b>S<\/b><\/span><\/strong><\/span><\/span><\/p>\n<p align=\"justify\"><strong><span style=\"font-family: Liberation Serif, serif;\"><span style=\"font-size: medium;\"><span lang=\"ca-ES\">L\u2019acc\u00e9s a segon, tercer i quart curs dels ensenyaments <\/span><\/span><\/span><\/strong><strong><span style=\"font-family: Liberation Serif, serif;\"><span style=\"font-size: medium;\"><span lang=\"ca-ES\">e<\/span><\/span><\/span><\/strong><strong><span style=\"font-family: Liberation Serif, serif;\"><span style=\"font-size: medium;\"><span lang=\"ca-ES\">lementals<\/span><\/span><\/span><\/strong><span style=\"font-family: Liberation Serif, serif;\"><span style=\"font-size: medium;\"><span lang=\"ca-ES\"> est\u00e0 regulat per les <\/span><\/span><\/span><strong><span style=\"font-family: Liberation Serif, serif;\"><span style=\"font-size: medium;\"><span lang=\"ca-ES\">O<\/span><\/span><\/span><\/strong><strong><span style=\"font-family: Liberation Serif, serif;\"><span style=\"font-size: medium;\"><span lang=\"ca-ES\">rd<\/span><\/span><\/span><\/strong><strong><span style=\"font-family: Liberation Serif, serif;\"><span style=\"font-size: medium;\"><span lang=\"ca-ES\">res<\/span><\/span><\/span><\/strong><strong><span style=\"font-family: Liberation Serif, serif;\"><span style=\"font-size: medium;\"><span lang=\"ca-ES\"> <a class=\"western\" href=\"http:\/\/www.dogv.gva.es\/datos\/2015\/05\/15\/pdf\/2015_4473.pdf\" target=\"_blank\" rel=\"noopener noreferrer\">49\/2015<\/a> i <a class=\"western\" href=\"http:\/\/www.dogv.gva.es\/datos\/2011\/05\/17\/pdf\/2011_5562.pdf\" target=\"_blank\" rel=\"noopener noreferrer\">28\/2011<\/a><\/span><\/span><\/span><\/strong><span style=\"font-family: Liberation Serif, serif;\"><span style=\"font-size: medium;\"><span lang=\"ca-ES\">, a m\u00e9s del Decret<\/span><\/span><\/span><strong><span style=\"font-family: Liberation Serif, serif;\"><span style=\"font-size: medium;\"><span lang=\"ca-ES\"> <a class=\"western\" href=\"http:\/\/www.docv.gva.es\/datos\/2007\/09\/25\/pdf\/2007_11701.pdf\" target=\"_blank\" rel=\"noopener noreferrer\">159\/2007<\/a><\/span><\/span><\/span><\/strong><span style=\"font-family: Liberation Serif, serif;\"><span style=\"font-size: medium;\"><span lang=\"ca-ES\"> i <\/span><\/span><\/span><strong><a class=\"western\" href=\"http:\/\/www.docv.gva.es\/datos\/2014\/09\/15\/pdf\/2014_8367.pdf\" target=\"_blank\" rel=\"noopener noreferrer\"><span style=\"font-family: Liberation Serif, serif;\"><span style=\"font-size: medium;\"><span lang=\"ca-ES\">148\/1014<\/span><\/span><\/span><\/a><\/strong><span style=\"font-family: Liberation Serif, serif;\"><span style=\"font-size: medium;\"><span lang=\"ca-ES\"> del Curr\u00edculum.<\/span><\/span><\/span><\/p>\n<p align=\"justify\"><span style=\"font-family: Liberation Serif, serif;\"><span style=\"font-size: medium;\">S\u2019hi pot presentar qualsevol persona, encara que la legislaci\u00f3 estableix una edat id\u00f2nia per a cursar els ensenyaments musicals:<\/span><\/span><\/p>\n<p align=\"justify\">\u201c<span style=\"font-family: Liberation Serif, serif;\"><span style=\"font-size: medium;\">Els ensenyaments elementals de M\u00fasica i Dansa es cursaran ordin\u00e0riament entre els huit i dotze anys, complits l\u2019any natural d\u2019inici i finalitzaci\u00f3. L\u2019inici dels ensenyaments elementals amb menys de huit i m\u00e9s de dotze s\u2019entendr\u00e0 com a excepcional.\u201d (Decret 49\/2015)<\/span><\/span><\/p>\n<p align=\"justify\"><strong><span style=\"font-family: Liberation Serif, serif;\"><span style=\"font-size: medium;\">El concepte d\u2019edat id\u00f2nia s\u2019estableix per a afavorir la coordinaci\u00f3 i les convalidacions futures que es puguen produir en els ensenyaments generals.<\/span><\/span><\/strong><\/p>\n<p align=\"justify\">Els aspirants amb edats inferiors a les fixades amb car\u00e0cter ordinari (Ensenyaments Elementals de 8 a 12 anys i Ensenyaments Professionals de 12 a 18 anys), tal com estableix l&#8217;article 2 de l&#8217;Ordre 28\/2011, de 10 de maig, per iniciar ensenyaments elementals o professionals en M\u00fasica o Dansa, o per accedir a cursos diferents del primer, hauran d&#8217;obtindre\u00a0 autoritzaci\u00f3 per assistir a les proves d&#8217;ingr\u00e9s o acc\u00e9s, respectivament.<\/p>\n<p align=\"justify\">Els aspirants amb edats superiors a les fixades amb car\u00e0cter ordinari, tal com estableix l&#8217;article 2 de l&#8217;Ordre 28\/2011, de 10 de maig, podran sol\u00b7licitar a la direcci\u00f3 del centre la presentaci\u00f3 de les respectives proves d&#8217;ingr\u00e9s o d&#8217;acc\u00e9s, tant al primer curs com a cursos diferents del primer, dels ensenyaments elementals o professionals de M\u00fasica o Dansa.<\/p>\n<p align=\"justify\">El alumnat\u00a0 que tinga l&#8217;autoritzaci\u00f3 d&#8217;ingr\u00e9s o acc\u00e9s a ensenyaments elementals despr\u00e9s del curs 2013-2014, no hauran de fer una nova sol\u00b7licitud d&#8217;acc\u00e9s a ensenyaments professionals.<\/p>\n<p align=\"justify\">Quan ho sol\u00b7licitar\u00e9?<\/p>\n<p align=\"justify\">Per a alumnes amb edats menors : Les sol\u00b7licituds s&#8217;han de remetre a la direcci\u00f3\u00a0 dels conservatoris i\/o centres autoritzats d&#8217;ensenyaments elementals i professionals de m\u00fasica i\u00a0 dansa, de l&#8217;1 de febrer al 30 d&#8217;abril de l&#8217;any natural de realitzaci\u00f3 de les proves d&#8217;acc\u00e9s.<\/p>\n<p align=\"justify\">Per a alumnes amb edats\u00a0 superiors : Hauran d&#8217;anar al centre on vulguen fer la prova per con\u00e8ixer els terminis de presentaci\u00f3 d&#8217;aquesta inst\u00e0ncia.<\/p>\n<p align=\"justify\">On anar?<\/p>\n<p align=\"justify\">1.- Els sol\u00b7licitants menors d&#8217;edat de les fixades amb car\u00e1cter ordinari presentaran la sol\u00b7licitud, segons l&#8217;Annex II, en conservatoris i\/o centres autoritzats, o telem\u00e0ticament, gestionats per aquests centres.<\/p>\n<p align=\"justify\">2.- Els sol\u00b7licitants d&#8217;edats superiors a les fixades amb car\u00e1cter ordin\u00e0ria presentaran la sol\u00b7licitud , segons l&#8217;Annex III, davant la direcci\u00f3 del conservatori o centre autoritzat.<\/p>\n<p align=\"justify\"><span style=\"font-family: Liberation Serif, serif;\"><span style=\"font-size: medium;\">L\u2019aspirant haur\u00e0 de demostrar que posseeix els coneixements t\u00e8cnics, instrumentals i te\u00f2rics pr\u00e0ctics corresponents al curs al qual desitja accedir. La seua admissi\u00f3 est\u00e0 condicionada a l\u2019exist\u00e8ncia de vacants despr\u00e9s de l\u2019adjudicaci\u00f3 de places en el primer curs. La prova es realitzar\u00e0 despr\u00e9s de les proves d\u2019ingr\u00e9s al primer curs.<\/span><\/span><\/p>\n<p style=\"text-align: center;\" align=\"justify\"><span style=\"color: #000080;\"><strong><span style=\"font-family: Liberation Serif, serif;\"><span style=\"font-size: medium;\"><span lang=\"ca-ES\"><u>PROVES A CURSOS DIFERENTS DE PRIMER<\/u><\/span><\/span><\/span><\/strong><\/span><\/p>\n<p align=\"justify\"><span style=\"color: #3366ff;\"><strong><em>Tota la informaci\u00f3 sobre el contingut per a les proves d&#8217;acc\u00e9s est\u00e0 en&#8221; informaci\u00f3 acad\u00e8mica-ensenyament elemental-continguts terminals per assignatura&#8221; d&#8217;aquesta web.<\/em><\/strong><\/span><\/p>\n<p align=\"justify\"><span style=\"font-family: Liberation Serif, serif;\"><span style=\"font-size: medium;\">Les proves espec\u00edfiques d\u2019acc\u00e9s a segon, tercer i quart curs dels ensenyaments elementals de totes les especialitats instrumentals de M\u00fasica es realitzaran segons el curr\u00edculum del curs precedent al qual opta l\u2019aspirant.<\/span><\/span><\/p>\n<p align=\"justify\"><span style=\"font-family: Liberation Serif, serif;\"><span style=\"font-size: medium;\"><strong> Consta de dos exercicis que s\u00f2n eliminatoris<\/strong>:<\/span><\/span><\/p>\n<p>1<span style=\"font-family: Liberation Serif, serif;\"><span style=\"font-size: medium;\">. Prova de capacitat auditiva i de coneixements te\u00f2rico-pr\u00e0ctics del llenguatge musical.<\/span><\/span><\/p>\n<p align=\"justify\"><span style=\"font-family: Liberation Serif, serif;\"><span style=\"font-size: medium;\">2.<\/span><\/span><span style=\"font-family: Liberation Serif, serif;\"><span style=\"font-size: medium;\">-Lectura a primera vista d\u2019un fragment adequat a l\u2019instrument. <\/span><\/span><\/p>\n<p align=\"justify\"><span style=\"font-family: Liberation Serif, serif;\"><span style=\"font-size: medium;\">-Interpretaci\u00f3 d\u2019una obra, estudi o fragment triat pel tribunal, entre una llista de tres que presentar\u00e0 l\u2019alumne\/a. Es valorar\u00e0 l\u2019execuci\u00f3 de mem\u00f2ria de les obres presentades i la seua dificultat.<\/span><\/span><\/p>\n<p align=\"justify\"><span style=\"font-family: Liberation Serif, serif;\"><span style=\"font-size: medium;\">La Comissi\u00f3 de Coordinaci\u00f3 Pedag\u00f2gica del Conservatori Joan Cant\u00f3 d\u2019Alcoi ha decidit adoptar els criteris seg\u00fcents: establir l\u2019edat id\u00f2nia d\u2019acc\u00e9s als ensenyaments elementals en els valors seg\u00fcents:<\/span><\/span><\/p>\n<ul>\n<li><span style=\"font-family: Liberation Serif, serif;\"><span style=\"font-size: medium;\">2n curs: 9 anys<\/span><\/span><\/li>\n<li><span style=\"font-family: Liberation Serif, serif;\"><span style=\"font-size: medium;\">3r curs: 10 anys<\/span><\/span><\/li>\n<li><span style=\"font-family: Liberation Serif, serif;\"><span style=\"font-size: medium;\">4t curs: 11 anys<\/span><\/span><\/li>\n<\/ul>\n<p align=\"justify\"><span style=\"font-family: Liberation Serif, serif;\"><span style=\"font-size: medium;\">Establir els coeficients pels quals ser\u00e0 multiplicada la nota mitjana de les proves per a obtenir la nota final que apareixer\u00e0 en l\u2019acta.<\/span><\/span><\/p>\n<ul>\n<li><span style=\"font-family: Liberation Serif, serif;\"><span style=\"font-size: medium;\">Alumnes amb edat id\u00f2nia: nota mitjana x 1<\/span><\/span><\/li>\n<li><span style=\"font-family: Liberation Serif, serif;\"><span style=\"font-size: medium;\">Alumnes amb un any m\u00e9s de l\u2019edat id\u00f2nia: nota mitjana x 0,95<\/span><\/span><\/li>\n<li><span style=\"font-family: Liberation Serif, serif;\"><span style=\"font-size: medium;\">Alumnes amb dos anys m\u00e9s de l\u2019edat id\u00f2nia: nota mitjana x 0,90<\/span><\/span><\/li>\n<li><span style=\"font-family: Liberation Serif, serif;\"><span style=\"font-size: medium;\">Alumnes amb tres anys m\u00e9s de l\u2019edat id\u00f2nia: nota mitjana x 0.85<\/span><\/span><\/li>\n<li><span style=\"font-family: Liberation Serif, serif;\"><span style=\"font-size: medium;\">Alumnes amb quatre anys o mes de l\u2019edat id\u00f2nia: nota mitjana x 0,80<\/span><\/span><\/li>\n<\/ul>\n<p align=\"justify\"><span style=\"font-family: Liberation Serif, serif;\"><span style=\"font-size: medium;\">Cada una de les parts es qualifica d\u20191 a 10, amb dos decimals com a m\u00e0xim. \u00c9s obligatori obtenir un 5 o m\u00e9s en cada una de les proves per a poder aprovar l\u2019acc\u00e9s, que sempre quedar\u00e0 supeditat a l\u2019exist\u00e8ncia de places vacants.<\/span><\/span><\/p>\n<p align=\"justify\"><strong><span style=\"font-family: Liberation Serif, serif;\"><span style=\"font-size: medium;\"><span lang=\"ca-ES\"><u>Publicaci\u00f3 de l<\/u><\/span><\/span><\/span><\/strong><strong><span style=\"font-family: Liberation Serif, serif;\"><span style=\"font-size: medium;\"><span lang=\"ca-ES\"><u>a<\/u><\/span><\/span><\/span><\/strong><strong><span style=\"font-family: Liberation Serif, serif;\"><span style=\"font-size: medium;\"><span lang=\"ca-ES\"><u> llista d\u2019aspirants aprovats<\/u><\/span><\/span><\/span><\/strong><\/p>\n<p align=\"justify\"><span style=\"font-family: Liberation Serif, serif;\"><span style=\"font-size: medium;\">Els resultats provisionals de la prova es publicaran <\/span><\/span><span style=\"font-family: Liberation Serif, serif;\"><span style=\"font-size: medium;\">probablement l\u2019<\/span><\/span><span style=\"font-family: Liberation Serif, serif;\"><span style=\"font-size: medium;\">endem\u00e0 <\/span><\/span><span style=\"font-family: Liberation Serif, serif;\"><span style=\"font-size: medium;\">de la prova\u00a0<\/span><\/span><span style=\"font-family: Liberation Serif, serif;\"><span style=\"font-size: medium;\">en els taulers d\u2019anuncis del centre i en la p\u00e0gina web, en una llista ordenada de major a menor nota obtinguda pels aspirants. Les persones interessades podran interposar <\/span><\/span><span style=\"font-family: Liberation Serif, serif;\"><span style=\"font-size: medium;\">una <\/span><\/span><span style=\"font-family: Liberation Serif, serif;\"><span style=\"font-size: medium;\">reclamaci\u00f3 contra l<\/span><\/span><span style=\"font-family: Liberation Serif, serif;\"><span style=\"font-size: medium;\">a<\/span><\/span><span style=\"font-family: Liberation Serif, serif;\"><span style=\"font-size: medium;\"> llista provisional en el termini de tres dies h\u00e0bils a partir de l\u2019endem\u00e0 de la publicaci\u00f3, per mitj\u00e0 d\u2019un escrit <\/span><\/span><span style=\"font-family: Liberation Serif, serif;\"><span style=\"font-size: medium;\">adre\u00e7at <\/span><\/span><span style=\"font-family: Liberation Serif, serif;\"><span style=\"font-size: medium;\">a la direcci\u00f3 del centre. Una vegada resoltes les reclamacions, la direcci\u00f3 publicar\u00e0 l<\/span><\/span><span style=\"font-family: Liberation Serif, serif;\"><span style=\"font-size: medium;\">a<\/span><\/span><span style=\"font-family: Liberation Serif, serif;\"><span style=\"font-size: medium;\"> llista definiti<\/span><\/span><span style=\"font-family: Liberation Serif, serif;\"><span style=\"font-size: medium;\">va<\/span><\/span><span style=\"font-family: Liberation Serif, serif;\"><span style=\"font-size: medium;\"> d\u2019aspirants amb pla\u00e7a i l\u2019horari de matriculaci\u00f3 <\/span><\/span><span style=\"font-family: Liberation Serif, serif;\"><span style=\"font-size: medium;\">a<\/span><\/span><span style=\"font-family: Liberation Serif, serif;\"><span style=\"font-size: medium;\">l centre. Si l\u2019alumne\/a aprova la prova, per\u00f2 no arriba a obt<\/span><\/span><span style=\"font-family: Liberation Serif, serif;\"><span style=\"font-size: medium;\">enir <\/span><\/span><span style=\"font-family: Liberation Serif, serif;\"><span style=\"font-size: medium;\">pla\u00e7a, <\/span><\/span><span style=\"font-family: Liberation Serif, serif;\"><span style=\"font-size: medium;\">es <\/span><\/span><span style=\"font-family: Liberation Serif, serif;\"><span style=\"font-size: medium;\">quedar\u00e0 en <\/span><\/span><span style=\"font-family: Liberation Serif, serif;\"><span style=\"font-size: medium;\">una <\/span><\/span><span style=\"font-family: Liberation Serif, serif;\"><span style=\"font-size: medium;\">llista d\u2019espera per si es produ<\/span><\/span><span style=\"font-family: Liberation Serif, serif;\"><span style=\"font-size: medium;\">eixen <\/span><\/span><span style=\"font-family: Liberation Serif, serif;\"><span style=\"font-size: medium;\">baixes o ren\u00fancies de matr\u00edcula. <\/span><\/span><span style=\"font-family: Liberation Serif, serif;\"><span style=\"font-size: medium;\">Aquestes l<\/span><\/span><span style=\"font-family: Liberation Serif, serif;\"><span style=\"font-size: medium;\">listes d\u2019espera caduquen el 31 de desembre de l\u2019any de realitzaci\u00f3 de la prova.<\/span><\/span><\/p>\n<p>&nbsp;<\/p>\n<hr \/>\n<p>&nbsp;<\/p>\n<p>&nbsp;<\/p>\n<p><strong><span lang=\"ca-ES\">NORMATIVA<\/span><\/strong><\/p>\n<p align=\"justify\">\u2013<span lang=\"ca-ES\">Decret 159\/2007, de 21 de setembre, del Consell, pel qual s\u2019establ<\/span><span lang=\"ca-ES\">E<\/span><span lang=\"ca-ES\">ix el curr\u00edculum dels ensenyaments elementals de m\u00fasica i es regula l\u2019acc\u00e9s a <\/span><span lang=\"ca-ES\">aquests <\/span><span lang=\"ca-ES\">ensenyaments (DOCV n\u00fam. 5606 de 25\/09\/07). Ve<\/span><span lang=\"ca-ES\">ge<\/span><span lang=\"ca-ES\">u <\/span><span lang=\"ca-ES\">el <\/span><a class=\"western\" href=\"http:\/\/www.docv.gva.es\/datos\/2007\/09\/25\/pdf\/2007_11701.pdf\" target=\"_blank\" rel=\"noopener noreferrer\"><span lang=\"ca-ES\"><u>Decret 159\/2007, de 21 de setembre<\/u><\/span><\/a><span lang=\"ca-ES\">.<\/span><\/p>\n<p align=\"justify\">\u2013<span lang=\"ca-ES\">Ord<\/span><span lang=\"ca-ES\">r<\/span><span lang=\"ca-ES\">e 28\/2011, de 10 de maig, de la Conselleria d\u2019Educaci\u00f3, per la qual es regula l\u2019admissi\u00f3, l\u2019acc\u00e9s i la matr\u00edcula, aix\u00ed com els aspectes d\u2019ordenaci\u00f3 general, per a l\u2019alumnat que curse <\/span><span lang=\"ca-ES\">e<\/span><span lang=\"ca-ES\">ls ensenyaments elementals i professionals de M\u00fasica a la Comunitat Valenciana (DOCV n\u00fam. 6522, de 17\/05\/11). Ve<\/span><span lang=\"ca-ES\">ge<\/span><span lang=\"ca-ES\">u <\/span><a class=\"western\" href=\"http:\/\/www.docv.gva.es\/datos\/2011\/05\/17\/pdf\/2011_5562.pdf\" target=\"_blank\" rel=\"noopener noreferrer\"><span lang=\"ca-ES\">l\u2019<\/span><\/a><a class=\"western\" href=\"http:\/\/www.docv.gva.es\/datos\/2011\/05\/17\/pdf\/2011_5562.pdf\" target=\"_blank\" rel=\"noopener noreferrer\"><span lang=\"ca-ES\">Ord<\/span><\/a><a class=\"western\" href=\"http:\/\/www.docv.gva.es\/datos\/2011\/05\/17\/pdf\/2011_5562.pdf\" target=\"_blank\" rel=\"noopener noreferrer\"><span lang=\"ca-ES\">r<\/span><\/a><a class=\"western\" href=\"http:\/\/www.docv.gva.es\/datos\/2011\/05\/17\/pdf\/2011_5562.pdf\" target=\"_blank\" rel=\"noopener noreferrer\"><span lang=\"ca-ES\">e 28\/2011<\/span><\/a><a class=\"western\" href=\"http:\/\/www.docv.gva.es\/datos\/2011\/05\/17\/pdf\/2011_5562.pdf\" target=\"_blank\" rel=\"noopener noreferrer\"><span lang=\"ca-ES\"><u>, de 10 de <\/u><\/span><\/a><span lang=\"ca-ES\">maig<\/span><span lang=\"ca-ES\">.<\/span><\/p>\n<p align=\"justify\">\u2013<span lang=\"ca-ES\">Ord<\/span><span lang=\"ca-ES\">r<\/span><span lang=\"ca-ES\">e 49\/2015, de 14 de maig, de la Conselleria d\u2019Educaci\u00f3, Cultura i Esport, per la qual es modifiquen aspectes de l\u2019Ord<\/span><span lang=\"ca-ES\">r<\/span><span lang=\"ca-ES\">e 28\/2011, de 10 de maig, de la Conselleria d\u2019Educaci\u00f3, per la qual es regula l\u2019admissi\u00f3, l\u2019acc\u00e9s i la matr\u00edcula, aix\u00ed com els aspectes d\u2019ordenaci\u00f3 general, per a l\u2019alumnat que curse <\/span><span lang=\"ca-ES\">el<\/span><span lang=\"ca-ES\">s ensenyaments elementals i professionals de M\u00fasica a la Comunitat Valenciana (DOCV n\u00fam. 7526, de 15\/05\/15). Ve<\/span><span lang=\"ca-ES\">ge<\/span><span lang=\"ca-ES\">u <\/span><a class=\"western\" href=\"http:\/\/www.docv.gva.es\/datos\/2015\/05\/15\/pdf\/2015_4473.pdf\" target=\"_blank\" rel=\"noopener noreferrer\"><span lang=\"ca-ES\">l\u2019<\/span><\/a><a class=\"western\" href=\"http:\/\/www.docv.gva.es\/datos\/2011\/05\/17\/pdf\/2011_5562.pdf\"><span lang=\"ca-ES\"><u>Ord<\/u><\/span><\/a><a class=\"western\" href=\"http:\/\/www.docv.gva.es\/datos\/2011\/05\/17\/pdf\/2011_5562.pdf\"><span lang=\"ca-ES\"><u>r<\/u><\/span><\/a><a class=\"western\" href=\"http:\/\/www.docv.gva.es\/datos\/2011\/05\/17\/pdf\/2011_5562.pdf\" target=\"_blank\" rel=\"noopener noreferrer\"><span lang=\"ca-ES\"><u>e 49\/2015, de 14 de maig<\/u><\/span><\/a><span lang=\"ca-ES\">.<\/span><\/p>\n<p align=\"justify\">\u2013<span lang=\"ca-ES\">Decret<\/span><span lang=\"ca-ES\"> 148\/2014, de 12 de setembre, del Consell, de modificaci\u00f3 del Decret 159\/2007, de 21 de setembre, del Consell, pel qual s\u2019establ<\/span><span lang=\"ca-ES\">e<\/span><span lang=\"ca-ES\">ix el curr\u00edculum dels ensenyaments elementals de m\u00fasica i es regula l\u2019acc\u00e9s a <\/span><span lang=\"ca-ES\">aquests<\/span><span lang=\"ca-ES\"> ensenyaments, i s\u2019incorpora al cat\u00e0leg d\u2019especialitats la Dol\u00e7aina (DOGV n\u00fam. 7360, de 15-09-2014). Ve<\/span><span lang=\"ca-ES\">ge<\/span><span lang=\"ca-ES\">u<\/span><a class=\"western\" href=\"https:\/\/www.dogv.gva.es\/portal\/ficha_disposicion_pc.jsp?sig=008161\/2014&amp;L=1\"><span lang=\"ca-ES\"> el <\/span><\/a><a class=\"western\" href=\"https:\/\/www.dogv.gva.es\/portal\/ficha_disposicion_pc.jsp?sig=008161\/2014&amp;L=1\"><span lang=\"ca-ES\"><u>Decre<\/u><\/span><\/a><a class=\"western\" href=\"https:\/\/www.dogv.gva.es\/portal\/ficha_disposicion_pc.jsp?sig=008161\/2014&amp;L=1\"><span lang=\"ca-ES\"><u>t<\/u><\/span><\/a><a class=\"western\" href=\"https:\/\/www.dogv.gva.es\/portal\/ficha_disposicion_pc.jsp?sig=008161\/2014&amp;L=1\" target=\"_blank\" rel=\"noopener noreferrer\"><span lang=\"ca-ES\"><u> 148\/2014, de 12 de setembre<\/u><\/span><\/a><span lang=\"ca-ES\">.<\/span><\/p>\n<p>&nbsp;<\/p>\n<p>[\/et_pb_text][\/et_pb_column][\/et_pb_row][\/et_pb_section]<\/p>\n","protected":false},"excerpt":{"rendered":"<p>[et_pb_section bb_built=&#8221;1&#8243; admin_label=&#8221;section&#8221; _builder_version=&#8221;3.0.47&#8243;][et_pb_row admin_label=&#8221;row&#8221; _builder_version=&#8221;3.0.47&#8243; background_size=&#8221;initial&#8221; background_position=&#8221;top_left&#8221; background_repeat=&#8221;repeat&#8221;][et_pb_column type=&#8221;4_4&#8243;][et_pb_text admin_label=&#8221;Texto&#8221; _builder_version=&#8221;3.0.51&#8243; background_size=&#8221;initial&#8221; background_position=&#8221;top_left&#8221; background_repeat=&#8221;repeat&#8221; background_layout=&#8221;light&#8221; text_orientation=&#8221;left&#8221; border_style=&#8221;solid&#8221;] INGR\u00c9S I ACC\u00c9S ALS ENSENYAMENTS ELEMENTALS RESOLUCI\u00d3 de 5 de mar\u00e7 de 2025, de la Direcci\u00f3 General de Centres Docents, per la qual s\u2019establix el calendari per a la inscripci\u00f3 i la realitzaci\u00f3\u00a0 de les proves d\u2019ingr\u00e9s [&hellip;]<\/p>\n","protected":false},"author":1,"featured_media":0,"parent":1194,"menu_order":4,"comment_status":"closed","ping_status":"closed","template":"","meta":{"footnotes":""},"class_list":["post-1200","page","type-page","status-publish","hentry"],"yoast_head":"<!-- This site is optimized with the Yoast SEO plugin v27.3 - https:\/\/yoast.com\/product\/yoast-seo-wordpress\/ -->\n<title>Proves de acc\u00e9s i ingr\u00e9s - Conservatori Professional de M\u00fasica Juan Cant\u00f3 en Alcoi<\/title>\n<meta name=\"robots\" content=\"index, follow, max-snippet:-1, max-image-preview:large, max-video-preview:-1\" \/>\n<link rel=\"canonical\" href=\"https:\/\/www.conservatorialcoi.com\/ca\/informacio-academica\/ensenanza-elemental\/pruebas-de-acceso-e-ingreso\/\" \/>\n<meta property=\"og:locale\" content=\"ca_ES\" \/>\n<meta property=\"og:type\" content=\"article\" \/>\n<meta property=\"og:title\" content=\"Proves de acc\u00e9s i ingr\u00e9s - Conservatori Professional de M\u00fasica Juan Cant\u00f3 en Alcoi\" \/>\n<meta property=\"og:description\" content=\"[et_pb_section bb_built=&#8221;1&#8243; admin_label=&#8221;section&#8221; _builder_version=&#8221;3.0.47&#8243;][et_pb_row admin_label=&#8221;row&#8221; _builder_version=&#8221;3.0.47&#8243; background_size=&#8221;initial&#8221; background_position=&#8221;top_left&#8221; background_repeat=&#8221;repeat&#8221;][et_pb_column type=&#8221;4_4&#8243;][et_pb_text admin_label=&#8221;Texto&#8221; _builder_version=&#8221;3.0.51&#8243; background_size=&#8221;initial&#8221; background_position=&#8221;top_left&#8221; background_repeat=&#8221;repeat&#8221; background_layout=&#8221;light&#8221; text_orientation=&#8221;left&#8221; border_style=&#8221;solid&#8221;] INGR\u00c9S I ACC\u00c9S ALS ENSENYAMENTS ELEMENTALS RESOLUCI\u00d3 de 5 de mar\u00e7 de 2025, de la Direcci\u00f3 General de Centres Docents, per la qual s\u2019establix el calendari per a la inscripci\u00f3 i la realitzaci\u00f3\u00a0 de les proves d\u2019ingr\u00e9s [&hellip;]\" \/>\n<meta property=\"og:url\" content=\"https:\/\/www.conservatorialcoi.com\/ca\/informacio-academica\/ensenanza-elemental\/pruebas-de-acceso-e-ingreso\/\" \/>\n<meta property=\"og:site_name\" content=\"Conservatori Professional de M\u00fasica Juan Cant\u00f3 en Alcoi\" \/>\n<meta property=\"article:modified_time\" content=\"2026-03-30T20:50:34+00:00\" \/>\n<meta name=\"twitter:card\" content=\"summary_large_image\" \/>\n<meta name=\"twitter:label1\" content=\"Temps estimat de lectura\" \/>\n\t<meta name=\"twitter:data1\" content=\"11 minuts\" \/>\n<script type=\"application\/ld+json\" class=\"yoast-schema-graph\">{\"@context\":\"https:\\\/\\\/schema.org\",\"@graph\":[{\"@type\":\"WebPage\",\"@id\":\"https:\\\/\\\/www.conservatorialcoi.com\\\/ca\\\/informacio-academica\\\/ensenanza-elemental\\\/pruebas-de-acceso-e-ingreso\\\/\",\"url\":\"https:\\\/\\\/www.conservatorialcoi.com\\\/ca\\\/informacio-academica\\\/ensenanza-elemental\\\/pruebas-de-acceso-e-ingreso\\\/\",\"name\":\"Proves de acc\u00e9s i ingr\u00e9s - Conservatori Professional de M\u00fasica Juan Cant\u00f3 en Alcoi\",\"isPartOf\":{\"@id\":\"https:\\\/\\\/www.conservatorialcoi.com\\\/#website\"},\"datePublished\":\"2018-09-12T06:54:50+00:00\",\"dateModified\":\"2026-03-30T20:50:34+00:00\",\"breadcrumb\":{\"@id\":\"https:\\\/\\\/www.conservatorialcoi.com\\\/ca\\\/informacio-academica\\\/ensenanza-elemental\\\/pruebas-de-acceso-e-ingreso\\\/#breadcrumb\"},\"inLanguage\":\"ca\",\"potentialAction\":[{\"@type\":\"ReadAction\",\"target\":[\"https:\\\/\\\/www.conservatorialcoi.com\\\/ca\\\/informacio-academica\\\/ensenanza-elemental\\\/pruebas-de-acceso-e-ingreso\\\/\"]}]},{\"@type\":\"BreadcrumbList\",\"@id\":\"https:\\\/\\\/www.conservatorialcoi.com\\\/ca\\\/informacio-academica\\\/ensenanza-elemental\\\/pruebas-de-acceso-e-ingreso\\\/#breadcrumb\",\"itemListElement\":[{\"@type\":\"ListItem\",\"position\":1,\"name\":\"Portada\",\"item\":\"https:\\\/\\\/www.conservatorialcoi.com\\\/ca\\\/\"},{\"@type\":\"ListItem\",\"position\":2,\"name\":\"Informaci\u00f3 acad\u00e8mica\",\"item\":\"https:\\\/\\\/www.conservatorialcoi.com\\\/ca\\\/informacio-academica\\\/\"},{\"@type\":\"ListItem\",\"position\":3,\"name\":\"Ensenyaments Elementals\",\"item\":\"https:\\\/\\\/www.conservatorialcoi.com\\\/ca\\\/informacio-academica\\\/ensenanza-elemental\\\/\"},{\"@type\":\"ListItem\",\"position\":4,\"name\":\"Proves de acc\u00e9s i ingr\u00e9s\"}]},{\"@type\":\"WebSite\",\"@id\":\"https:\\\/\\\/www.conservatorialcoi.com\\\/#website\",\"url\":\"https:\\\/\\\/www.conservatorialcoi.com\\\/\",\"name\":\"Conservatori Professional de M\u00fasica Juan Cant\u00f3 en Alcoi\",\"description\":\"\",\"potentialAction\":[{\"@type\":\"SearchAction\",\"target\":{\"@type\":\"EntryPoint\",\"urlTemplate\":\"https:\\\/\\\/www.conservatorialcoi.com\\\/?s={search_term_string}\"},\"query-input\":{\"@type\":\"PropertyValueSpecification\",\"valueRequired\":true,\"valueName\":\"search_term_string\"}}],\"inLanguage\":\"ca\"}]}<\/script>\n<!-- \/ Yoast SEO plugin. -->","yoast_head_json":{"title":"Proves de acc\u00e9s i ingr\u00e9s - Conservatori Professional de M\u00fasica Juan Cant\u00f3 en Alcoi","robots":{"index":"index","follow":"follow","max-snippet":"max-snippet:-1","max-image-preview":"max-image-preview:large","max-video-preview":"max-video-preview:-1"},"canonical":"https:\/\/www.conservatorialcoi.com\/ca\/informacio-academica\/ensenanza-elemental\/pruebas-de-acceso-e-ingreso\/","og_locale":"ca_ES","og_type":"article","og_title":"Proves de acc\u00e9s i ingr\u00e9s - Conservatori Professional de M\u00fasica Juan Cant\u00f3 en Alcoi","og_description":"[et_pb_section bb_built=&#8221;1&#8243; admin_label=&#8221;section&#8221; _builder_version=&#8221;3.0.47&#8243;][et_pb_row admin_label=&#8221;row&#8221; _builder_version=&#8221;3.0.47&#8243; background_size=&#8221;initial&#8221; background_position=&#8221;top_left&#8221; background_repeat=&#8221;repeat&#8221;][et_pb_column type=&#8221;4_4&#8243;][et_pb_text admin_label=&#8221;Texto&#8221; _builder_version=&#8221;3.0.51&#8243; background_size=&#8221;initial&#8221; background_position=&#8221;top_left&#8221; background_repeat=&#8221;repeat&#8221; background_layout=&#8221;light&#8221; text_orientation=&#8221;left&#8221; border_style=&#8221;solid&#8221;] INGR\u00c9S I ACC\u00c9S ALS ENSENYAMENTS ELEMENTALS RESOLUCI\u00d3 de 5 de mar\u00e7 de 2025, de la Direcci\u00f3 General de Centres Docents, per la qual s\u2019establix el calendari per a la inscripci\u00f3 i la realitzaci\u00f3\u00a0 de les proves d\u2019ingr\u00e9s [&hellip;]","og_url":"https:\/\/www.conservatorialcoi.com\/ca\/informacio-academica\/ensenanza-elemental\/pruebas-de-acceso-e-ingreso\/","og_site_name":"Conservatori Professional de M\u00fasica Juan Cant\u00f3 en Alcoi","article_modified_time":"2026-03-30T20:50:34+00:00","twitter_card":"summary_large_image","twitter_misc":{"Temps estimat de lectura":"11 minuts"},"schema":{"@context":"https:\/\/schema.org","@graph":[{"@type":"WebPage","@id":"https:\/\/www.conservatorialcoi.com\/ca\/informacio-academica\/ensenanza-elemental\/pruebas-de-acceso-e-ingreso\/","url":"https:\/\/www.conservatorialcoi.com\/ca\/informacio-academica\/ensenanza-elemental\/pruebas-de-acceso-e-ingreso\/","name":"Proves de acc\u00e9s i ingr\u00e9s - Conservatori Professional de M\u00fasica Juan Cant\u00f3 en Alcoi","isPartOf":{"@id":"https:\/\/www.conservatorialcoi.com\/#website"},"datePublished":"2018-09-12T06:54:50+00:00","dateModified":"2026-03-30T20:50:34+00:00","breadcrumb":{"@id":"https:\/\/www.conservatorialcoi.com\/ca\/informacio-academica\/ensenanza-elemental\/pruebas-de-acceso-e-ingreso\/#breadcrumb"},"inLanguage":"ca","potentialAction":[{"@type":"ReadAction","target":["https:\/\/www.conservatorialcoi.com\/ca\/informacio-academica\/ensenanza-elemental\/pruebas-de-acceso-e-ingreso\/"]}]},{"@type":"BreadcrumbList","@id":"https:\/\/www.conservatorialcoi.com\/ca\/informacio-academica\/ensenanza-elemental\/pruebas-de-acceso-e-ingreso\/#breadcrumb","itemListElement":[{"@type":"ListItem","position":1,"name":"Portada","item":"https:\/\/www.conservatorialcoi.com\/ca\/"},{"@type":"ListItem","position":2,"name":"Informaci\u00f3 acad\u00e8mica","item":"https:\/\/www.conservatorialcoi.com\/ca\/informacio-academica\/"},{"@type":"ListItem","position":3,"name":"Ensenyaments Elementals","item":"https:\/\/www.conservatorialcoi.com\/ca\/informacio-academica\/ensenanza-elemental\/"},{"@type":"ListItem","position":4,"name":"Proves de acc\u00e9s i ingr\u00e9s"}]},{"@type":"WebSite","@id":"https:\/\/www.conservatorialcoi.com\/#website","url":"https:\/\/www.conservatorialcoi.com\/","name":"Conservatori Professional de M\u00fasica Juan Cant\u00f3 en Alcoi","description":"","potentialAction":[{"@type":"SearchAction","target":{"@type":"EntryPoint","urlTemplate":"https:\/\/www.conservatorialcoi.com\/?s={search_term_string}"},"query-input":{"@type":"PropertyValueSpecification","valueRequired":true,"valueName":"search_term_string"}}],"inLanguage":"ca"}]}},"_links":{"self":[{"href":"https:\/\/www.conservatorialcoi.com\/ca\/wp-json\/wp\/v2\/pages\/1200","targetHints":{"allow":["GET"]}}],"collection":[{"href":"https:\/\/www.conservatorialcoi.com\/ca\/wp-json\/wp\/v2\/pages"}],"about":[{"href":"https:\/\/www.conservatorialcoi.com\/ca\/wp-json\/wp\/v2\/types\/page"}],"author":[{"embeddable":true,"href":"https:\/\/www.conservatorialcoi.com\/ca\/wp-json\/wp\/v2\/users\/1"}],"replies":[{"embeddable":true,"href":"https:\/\/www.conservatorialcoi.com\/ca\/wp-json\/wp\/v2\/comments?post=1200"}],"version-history":[{"count":166,"href":"https:\/\/www.conservatorialcoi.com\/ca\/wp-json\/wp\/v2\/pages\/1200\/revisions"}],"predecessor-version":[{"id":11599,"href":"https:\/\/www.conservatorialcoi.com\/ca\/wp-json\/wp\/v2\/pages\/1200\/revisions\/11599"}],"up":[{"embeddable":true,"href":"https:\/\/www.conservatorialcoi.com\/ca\/wp-json\/wp\/v2\/pages\/1194"}],"wp:attachment":[{"href":"https:\/\/www.conservatorialcoi.com\/ca\/wp-json\/wp\/v2\/media?parent=1200"}],"curies":[{"name":"wp","href":"https:\/\/api.w.org\/{rel}","templated":true}]}}